{"id":951,"date":"2026-04-29T18:33:13","date_gmt":"2026-04-29T16:33:13","guid":{"rendered":"https:\/\/www.musicletter.it\/luca\/?page_id=951"},"modified":"2026-04-29T18:33:13","modified_gmt":"2026-04-29T16:33:13","slug":"homepage","status":"publish","type":"page","link":"https:\/\/www.musicletter.it\/luca\/","title":{"rendered":"Il blog di Luca D&#8217;Ambrosio (Musicletter.it)"},"content":{"rendered":"\n<div class=\"psacp-wrap psacp-slider-wrap-main\">\r\n\t<div id=\"psacp-post-slider-wrap-1\" class=\"psacp-post-slider-wrap owl-carousel psacp-design-1  psacp-clearfix\" data-conf=\"{&quot;loop&quot;:true,&quot;arrows&quot;:true,&quot;dots&quot;:false,&quot;autoplay&quot;:true,&quot;autoplay_interval&quot;:5000,&quot;speed&quot;:500,&quot;rtl&quot;:false}\"><div class=\"psacp-post-slide psacp-post-1387 psacp-post-standard psacp-has-thumb\">\r\n\t<div class=\"psacp-post-slider-content\">\r\n\t\t<a class=\"psacp-post-linkoverlay\" href=\"https:\/\/www.musicletter.it\/luca\/2026\/04\/29\/luca-dambrosio-musicletter\/\"><\/a>\r\n\t\t<div class=\"psacp-post-img-bg\" style=\"background-image:url(https:\/\/www.musicletter.it\/luca\/wp-content\/uploads\/2025\/08\/Io.jpg); \">\r\n\t\t\t<div class=\"psacp-featured-meta\">\r\n\t\t\t\t\t\t\t\r\n\t\t\t\t<h2 class=\"psacp-post-title\">\r\n\t\t\t\t\t<a href=\"https:\/\/www.musicletter.it\/luca\/2026\/04\/29\/luca-dambrosio-musicletter\/\">Luca D&#8217;Ambrosio: &#8220;L&#8217;amore per un disco \u00e8 un sentimento reale&#8221;<\/a>\r\n\t\t\t\t<\/h2>\r\n\r\n\t\t\t\t\t\t\t\t<div class=\"psacp-post-meta psacp-post-meta-up\">\r\n\t\t\t\t\t<span class=\"psacp-post-meta-data psacp-post-date\"><i class=\"psacp-fa fa-regular fa-clock\"><\/i>29 Aprile 2026<\/span>\t\t\t\t<\/div>\r\n\t\t\t\t\t\t\t<\/div>\r\n\t\t<\/div>\r\n\t<\/div>\r\n<\/div><div class=\"psacp-post-slide psacp-post-1444 psacp-post-standard psacp-has-thumb\">\r\n\t<div class=\"psacp-post-slider-content\">\r\n\t\t<a class=\"psacp-post-linkoverlay\" href=\"https:\/\/www.musicletter.it\/luca\/2026\/03\/24\/intervista-peppe-servillo-2026\/\"><\/a>\r\n\t\t<div class=\"psacp-post-img-bg\" style=\"background-image:url(https:\/\/www.musicletter.it\/luca\/wp-content\/uploads\/2026\/03\/Peppe-Servillo-ph.-Stefano-Cioffi.jpg); \">\r\n\t\t\t<div class=\"psacp-featured-meta\">\r\n\t\t\t\t\t\t\t\r\n\t\t\t\t<h2 class=\"psacp-post-title\">\r\n\t\t\t\t\t<a href=\"https:\/\/www.musicletter.it\/luca\/2026\/03\/24\/intervista-peppe-servillo-2026\/\">Due chiacchiere con Peppe Servillo<\/a>\r\n\t\t\t\t<\/h2>\r\n\r\n\t\t\t\t\t\t\t\t<div class=\"psacp-post-meta psacp-post-meta-up\">\r\n\t\t\t\t\t<span class=\"psacp-post-meta-data psacp-post-date\"><i class=\"psacp-fa fa-regular fa-clock\"><\/i>24 Marzo 2026<\/span>\t\t\t\t<\/div>\r\n\t\t\t\t\t\t\t<\/div>\r\n\t\t<\/div>\r\n\t<\/div>\r\n<\/div><div class=\"psacp-post-slide psacp-post-1368 psacp-post-standard psacp-has-thumb\">\r\n\t<div class=\"psacp-post-slider-content\">\r\n\t\t<a class=\"psacp-post-linkoverlay\" href=\"https:\/\/www.musicletter.it\/luca\/2025\/04\/20\/nostalgia-concerti-vecchi-biglietti\/\"><\/a>\r\n\t\t<div class=\"psacp-post-img-bg\" style=\"background-image:url(https:\/\/www.musicletter.it\/luca\/wp-content\/uploads\/2025\/04\/Biglietti-di-concerti.jpg); \">\r\n\t\t\t<div class=\"psacp-featured-meta\">\r\n\t\t\t\t\t\t\t\r\n\t\t\t\t<h2 class=\"psacp-post-title\">\r\n\t\t\t\t\t<a href=\"https:\/\/www.musicletter.it\/luca\/2025\/04\/20\/nostalgia-concerti-vecchi-biglietti\/\">\u00c8 da un po&#8217; di tempo che non vado a un concerto<\/a>\r\n\t\t\t\t<\/h2>\r\n\r\n\t\t\t\t\t\t\t\t<div class=\"psacp-post-meta psacp-post-meta-up\">\r\n\t\t\t\t\t<span class=\"psacp-post-meta-data psacp-post-date\"><i class=\"psacp-fa fa-regular fa-clock\"><\/i>20 Aprile 2025<\/span>\t\t\t\t<\/div>\r\n\t\t\t\t\t\t\t<\/div>\r\n\t\t<\/div>\r\n\t<\/div>\r\n<\/div><div class=\"psacp-post-slide psacp-post-1353 psacp-post-standard psacp-has-thumb\">\r\n\t<div class=\"psacp-post-slider-content\">\r\n\t\t<a class=\"psacp-post-linkoverlay\" href=\"https:\/\/www.musicletter.it\/luca\/2024\/10\/08\/targa-mei-musicletter-2024-foto-premiazione-faenza\/\"><\/a>\r\n\t\t<div class=\"psacp-post-img-bg\" style=\"background-image:url(https:\/\/www.musicletter.it\/luca\/wp-content\/uploads\/2024\/10\/Targa-Mei-Musicletter-2024-un-momento-della-presentazione.png); \">\r\n\t\t\t<div class=\"psacp-featured-meta\">\r\n\t\t\t\t\t\t\t\r\n\t\t\t\t<h2 class=\"psacp-post-title\">\r\n\t\t\t\t\t<a href=\"https:\/\/www.musicletter.it\/luca\/2024\/10\/08\/targa-mei-musicletter-2024-foto-premiazione-faenza\/\">Targa Mei Musicletter 2024, le foto della premiazione<\/a>\r\n\t\t\t\t<\/h2>\r\n\r\n\t\t\t\t\t\t\t\t<div class=\"psacp-post-meta psacp-post-meta-up\">\r\n\t\t\t\t\t<span class=\"psacp-post-meta-data psacp-post-date\"><i class=\"psacp-fa fa-regular fa-clock\"><\/i>8 Ottobre 2024<\/span>\t\t\t\t<\/div>\r\n\t\t\t\t\t\t\t<\/div>\r\n\t\t<\/div>\r\n\t<\/div>\r\n<\/div><div class=\"psacp-post-slide psacp-post-1340 psacp-post-standard psacp-has-thumb\">\r\n\t<div class=\"psacp-post-slider-content\">\r\n\t\t<a class=\"psacp-post-linkoverlay\" href=\"https:\/\/www.musicletter.it\/luca\/2024\/10\/01\/premiazione-targa-mei-musicletter-2024-faenza-vincitori\/\"><\/a>\r\n\t\t<div class=\"psacp-post-img-bg\" style=\"background-image:url(https:\/\/www.musicletter.it\/luca\/wp-content\/uploads\/2024\/08\/Targa-Mei-Musicletter-2024.png); \">\r\n\t\t\t<div class=\"psacp-featured-meta\">\r\n\t\t\t\t\t\t\t\r\n\t\t\t\t<h2 class=\"psacp-post-title\">\r\n\t\t\t\t\t<a href=\"https:\/\/www.musicletter.it\/luca\/2024\/10\/01\/premiazione-targa-mei-musicletter-2024-faenza-vincitori\/\">Targa Mei Musicletter 2024: sabato 5 ottobre la premiazione a Faenza<\/a>\r\n\t\t\t\t<\/h2>\r\n\r\n\t\t\t\t\t\t\t\t<div class=\"psacp-post-meta psacp-post-meta-up\">\r\n\t\t\t\t\t<span class=\"psacp-post-meta-data psacp-post-date\"><i class=\"psacp-fa fa-regular fa-clock\"><\/i>1 Ottobre 2024<\/span>\t\t\t\t<\/div>\r\n\t\t\t\t\t\t\t<\/div>\r\n\t\t<\/div>\r\n\t<\/div>\r\n<\/div><div class=\"psacp-post-slide psacp-post-1321 psacp-post-standard psacp-has-thumb\">\r\n\t<div class=\"psacp-post-slider-content\">\r\n\t\t<a class=\"psacp-post-linkoverlay\" href=\"https:\/\/www.musicletter.it\/luca\/2024\/01\/05\/il-mio-breve-racconto-per-le-ruzzole\/\"><\/a>\r\n\t\t<div class=\"psacp-post-img-bg\" style=\"background-image:url(https:\/\/www.musicletter.it\/luca\/wp-content\/uploads\/2024\/01\/Uneducazione-vittoriana-libro.png); \">\r\n\t\t\t<div class=\"psacp-featured-meta\">\r\n\t\t\t\t\t\t\t\r\n\t\t\t\t<h2 class=\"psacp-post-title\">\r\n\t\t\t\t\t<a href=\"https:\/\/www.musicletter.it\/luca\/2024\/01\/05\/il-mio-breve-racconto-per-le-ruzzole\/\">Il mio breve racconto per Le Ruzzole<\/a>\r\n\t\t\t\t<\/h2>\r\n\r\n\t\t\t\t\t\t\t\t<div class=\"psacp-post-meta psacp-post-meta-up\">\r\n\t\t\t\t\t<span class=\"psacp-post-meta-data psacp-post-date\"><i class=\"psacp-fa fa-regular fa-clock\"><\/i>5 Gennaio 2024<\/span>\t\t\t\t<\/div>\r\n\t\t\t\t\t\t\t<\/div>\r\n\t\t<\/div>\r\n\t<\/div>\r\n<\/div><div class=\"psacp-post-slide psacp-post-1312 psacp-post-standard psacp-has-thumb\">\r\n\t<div class=\"psacp-post-slider-content\">\r\n\t\t<a class=\"psacp-post-linkoverlay\" href=\"https:\/\/www.musicletter.it\/luca\/2023\/10\/25\/la-consegna-delle-targhe-mei-musicletter-2023\/\"><\/a>\r\n\t\t<div class=\"psacp-post-img-bg\" style=\"background-image:url(https:\/\/www.musicletter.it\/luca\/wp-content\/uploads\/2023\/10\/Consegna-Targhe-Mei-Musicletter-2023-ph.-Francesca-Cecconi.jpg); \">\r\n\t\t\t<div class=\"psacp-featured-meta\">\r\n\t\t\t\t\t\t\t\r\n\t\t\t\t<h2 class=\"psacp-post-title\">\r\n\t\t\t\t\t<a href=\"https:\/\/www.musicletter.it\/luca\/2023\/10\/25\/la-consegna-delle-targhe-mei-musicletter-2023\/\">La consegna delle Targhe Mei Musicletter 2023<\/a>\r\n\t\t\t\t<\/h2>\r\n\r\n\t\t\t\t\t\t\t\t<div class=\"psacp-post-meta psacp-post-meta-up\">\r\n\t\t\t\t\t<span class=\"psacp-post-meta-data psacp-post-date\"><i class=\"psacp-fa fa-regular fa-clock\"><\/i>25 Ottobre 2023<\/span>\t\t\t\t<\/div>\r\n\t\t\t\t\t\t\t<\/div>\r\n\t\t<\/div>\r\n\t<\/div>\r\n<\/div><div class=\"psacp-post-slide psacp-post-1301 psacp-post-standard psacp-has-thumb\">\r\n\t<div class=\"psacp-post-slider-content\">\r\n\t\t<a class=\"psacp-post-linkoverlay\" href=\"https:\/\/www.musicletter.it\/luca\/2023\/08\/25\/a-faenza-lundicesima-edizione-della-targa-mei-musicletter\/\"><\/a>\r\n\t\t<div class=\"psacp-post-img-bg\" style=\"background-image:url(https:\/\/www.musicletter.it\/luca\/wp-content\/uploads\/2023\/08\/Targa-Mei-Musicletter-2023.png); \">\r\n\t\t\t<div class=\"psacp-featured-meta\">\r\n\t\t\t\t\t\t\t\r\n\t\t\t\t<h2 class=\"psacp-post-title\">\r\n\t\t\t\t\t<a href=\"https:\/\/www.musicletter.it\/luca\/2023\/08\/25\/a-faenza-lundicesima-edizione-della-targa-mei-musicletter\/\">A Faenza l&#8217;undicesima edizione della Targa Mei Musicletter<\/a>\r\n\t\t\t\t<\/h2>\r\n\r\n\t\t\t\t\t\t\t\t<div class=\"psacp-post-meta psacp-post-meta-up\">\r\n\t\t\t\t\t<span class=\"psacp-post-meta-data psacp-post-date\"><i class=\"psacp-fa fa-regular fa-clock\"><\/i>25 Agosto 2023<\/span>\t\t\t\t<\/div>\r\n\t\t\t\t\t\t\t<\/div>\r\n\t\t<\/div>\r\n\t<\/div>\r\n<\/div><div class=\"psacp-post-slide psacp-post-1296 psacp-post-standard psacp-has-thumb\">\r\n\t<div class=\"psacp-post-slider-content\">\r\n\t\t<a class=\"psacp-post-linkoverlay\" href=\"https:\/\/www.musicletter.it\/luca\/2023\/07\/19\/sora-26-gennaio-1991-un-concerto-rock-per-la-ricerca-sullaids\/\"><\/a>\r\n\t\t<div class=\"psacp-post-img-bg\" style=\"background-image:url(https:\/\/www.musicletter.it\/luca\/wp-content\/uploads\/2023\/07\/Sora-26-gennaio-1991.jpg); \">\r\n\t\t\t<div class=\"psacp-featured-meta\">\r\n\t\t\t\t\t\t\t\r\n\t\t\t\t<h2 class=\"psacp-post-title\">\r\n\t\t\t\t\t<a href=\"https:\/\/www.musicletter.it\/luca\/2023\/07\/19\/sora-26-gennaio-1991-un-concerto-rock-per-la-ricerca-sullaids\/\">Sora, 26 gennaio 1991. Un concerto rock per la ricerca sull&#8217;Aids<\/a>\r\n\t\t\t\t<\/h2>\r\n\r\n\t\t\t\t\t\t\t\t<div class=\"psacp-post-meta psacp-post-meta-up\">\r\n\t\t\t\t\t<span class=\"psacp-post-meta-data psacp-post-date\"><i class=\"psacp-fa fa-regular fa-clock\"><\/i>19 Luglio 2023<\/span>\t\t\t\t<\/div>\r\n\t\t\t\t\t\t\t<\/div>\r\n\t\t<\/div>\r\n\t<\/div>\r\n<\/div><div class=\"psacp-post-slide psacp-post-1242 psacp-post-standard psacp-has-thumb\">\r\n\t<div class=\"psacp-post-slider-content\">\r\n\t\t<a class=\"psacp-post-linkoverlay\" href=\"https:\/\/www.musicletter.it\/luca\/2023\/07\/13\/alice-canta-battiato-al-teatro-romano-di-ostia-antica\/\"><\/a>\r\n\t\t<div class=\"psacp-post-img-bg\" style=\"background-image:url(https:\/\/www.musicletter.it\/luca\/wp-content\/uploads\/2023\/07\/Alice-canta-Battiato-Teatro-Romano-di-Ostia-Antica-12-luglio-2023.jpg); \">\r\n\t\t\t<div class=\"psacp-featured-meta\">\r\n\t\t\t\t\t\t\t\r\n\t\t\t\t<h2 class=\"psacp-post-title\">\r\n\t\t\t\t\t<a href=\"https:\/\/www.musicletter.it\/luca\/2023\/07\/13\/alice-canta-battiato-al-teatro-romano-di-ostia-antica\/\">Alice canta Battiato al Teatro Romano di Ostia Antica<\/a>\r\n\t\t\t\t<\/h2>\r\n\r\n\t\t\t\t\t\t\t\t<div class=\"psacp-post-meta psacp-post-meta-up\">\r\n\t\t\t\t\t<span class=\"psacp-post-meta-data psacp-post-date\"><i class=\"psacp-fa fa-regular fa-clock\"><\/i>13 Luglio 2023<\/span>\t\t\t\t<\/div>\r\n\t\t\t\t\t\t\t<\/div>\r\n\t\t<\/div>\r\n\t<\/div>\r\n<\/div><div class=\"psacp-post-slide psacp-post-1235 psacp-post-standard psacp-has-thumb\">\r\n\t<div class=\"psacp-post-slider-content\">\r\n\t\t<a class=\"psacp-post-linkoverlay\" href=\"https:\/\/www.musicletter.it\/luca\/2023\/06\/12\/il-mio-intervento-alla-conferenza-stampa-di-musicultura-2023\/\"><\/a>\r\n\t\t<div class=\"psacp-post-img-bg\" style=\"background-image:url(https:\/\/www.musicletter.it\/luca\/wp-content\/uploads\/2023\/06\/Conferenza-stampa-Musicultura-2023.png); \">\r\n\t\t\t<div class=\"psacp-featured-meta\">\r\n\t\t\t\t\t\t\t\r\n\t\t\t\t<h2 class=\"psacp-post-title\">\r\n\t\t\t\t\t<a href=\"https:\/\/www.musicletter.it\/luca\/2023\/06\/12\/il-mio-intervento-alla-conferenza-stampa-di-musicultura-2023\/\">Il mio intervento alla  conferenza stampa di Musicultura 2023<\/a>\r\n\t\t\t\t<\/h2>\r\n\r\n\t\t\t\t\t\t\t\t<div class=\"psacp-post-meta psacp-post-meta-up\">\r\n\t\t\t\t\t<span class=\"psacp-post-meta-data psacp-post-date\"><i class=\"psacp-fa fa-regular fa-clock\"><\/i>12 Giugno 2023<\/span>\t\t\t\t<\/div>\r\n\t\t\t\t\t\t\t<\/div>\r\n\t\t<\/div>\r\n\t<\/div>\r\n<\/div><div class=\"psacp-post-slide psacp-post-1227 psacp-post-standard psacp-has-thumb\">\r\n\t<div class=\"psacp-post-slider-content\">\r\n\t\t<a class=\"psacp-post-linkoverlay\" href=\"https:\/\/www.musicletter.it\/luca\/2023\/04\/13\/il-mangiadischi-verde-e-i-cant-explain-it-dei-mccoys\/\"><\/a>\r\n\t\t<div class=\"psacp-post-img-bg\" style=\"background-image:url(https:\/\/www.musicletter.it\/luca\/wp-content\/uploads\/2023\/04\/I-cant-explain-it-dei-McCoys.png); \">\r\n\t\t\t<div class=\"psacp-featured-meta\">\r\n\t\t\t\t\t\t\t\r\n\t\t\t\t<h2 class=\"psacp-post-title\">\r\n\t\t\t\t\t<a href=\"https:\/\/www.musicletter.it\/luca\/2023\/04\/13\/il-mangiadischi-verde-e-i-cant-explain-it-dei-mccoys\/\">Il mangiadischi verde e \u00abI can\u2019t explain it\u00bb dei McCoys<\/a>\r\n\t\t\t\t<\/h2>\r\n\r\n\t\t\t\t\t\t\t\t<div class=\"psacp-post-meta psacp-post-meta-up\">\r\n\t\t\t\t\t<span class=\"psacp-post-meta-data psacp-post-date\"><i class=\"psacp-fa fa-regular fa-clock\"><\/i>13 Aprile 2023<\/span>\t\t\t\t<\/div>\r\n\t\t\t\t\t\t\t<\/div>\r\n\t\t<\/div>\r\n\t<\/div>\r\n<\/div><div class=\"psacp-post-slide psacp-post-1223 psacp-post-standard psacp-has-thumb\">\r\n\t<div class=\"psacp-post-slider-content\">\r\n\t\t<a class=\"psacp-post-linkoverlay\" href=\"https:\/\/www.musicletter.it\/luca\/2023\/04\/06\/la-musica-per-me-compie-5-anni\/\"><\/a>\r\n\t\t<div class=\"psacp-post-img-bg\" style=\"background-image:url(https:\/\/www.musicletter.it\/luca\/wp-content\/uploads\/2023\/04\/La-musica-per-me.jpg); \">\r\n\t\t\t<div class=\"psacp-featured-meta\">\r\n\t\t\t\t\t\t\t\r\n\t\t\t\t<h2 class=\"psacp-post-title\">\r\n\t\t\t\t\t<a href=\"https:\/\/www.musicletter.it\/luca\/2023\/04\/06\/la-musica-per-me-compie-5-anni\/\">\u00abLa musica, per me\u00bb compie 5 anni<\/a>\r\n\t\t\t\t<\/h2>\r\n\r\n\t\t\t\t\t\t\t\t<div class=\"psacp-post-meta psacp-post-meta-up\">\r\n\t\t\t\t\t<span class=\"psacp-post-meta-data psacp-post-date\"><i class=\"psacp-fa fa-regular fa-clock\"><\/i>6 Aprile 2023<\/span>\t\t\t\t<\/div>\r\n\t\t\t\t\t\t\t<\/div>\r\n\t\t<\/div>\r\n\t<\/div>\r\n<\/div><div class=\"psacp-post-slide psacp-post-1211 psacp-post-standard psacp-has-thumb\">\r\n\t<div class=\"psacp-post-slider-content\">\r\n\t\t<a class=\"psacp-post-linkoverlay\" href=\"https:\/\/www.musicletter.it\/luca\/2023\/02\/07\/sanremo-2023-la-mia-prima-volta-al-festival-come-giurato\/\"><\/a>\r\n\t\t<div class=\"psacp-post-img-bg\" style=\"background-image:url(https:\/\/www.musicletter.it\/luca\/wp-content\/uploads\/2023\/02\/Sanremo-2023-testi-artisti-in-gara.jpg); \">\r\n\t\t\t<div class=\"psacp-featured-meta\">\r\n\t\t\t\t\t\t\t\r\n\t\t\t\t<h2 class=\"psacp-post-title\">\r\n\t\t\t\t\t<a href=\"https:\/\/www.musicletter.it\/luca\/2023\/02\/07\/sanremo-2023-la-mia-prima-volta-al-festival-come-giurato\/\">Sanremo 2023, la mia prima volta al festival come giurato<\/a>\r\n\t\t\t\t<\/h2>\r\n\r\n\t\t\t\t\t\t\t\t<div class=\"psacp-post-meta psacp-post-meta-up\">\r\n\t\t\t\t\t<span class=\"psacp-post-meta-data psacp-post-date\"><i class=\"psacp-fa fa-regular fa-clock\"><\/i>7 Febbraio 2023<\/span>\t\t\t\t<\/div>\r\n\t\t\t\t\t\t\t<\/div>\r\n\t\t<\/div>\r\n\t<\/div>\r\n<\/div><div class=\"psacp-post-slide psacp-post-1199 psacp-post-standard psacp-has-thumb\">\r\n\t<div class=\"psacp-post-slider-content\">\r\n\t\t<a class=\"psacp-post-linkoverlay\" href=\"https:\/\/www.musicletter.it\/luca\/2022\/12\/11\/10-album-del-2022-i-miei-preferiti\/\"><\/a>\r\n\t\t<div class=\"psacp-post-img-bg\" style=\"background-image:url(https:\/\/www.musicletter.it\/luca\/wp-content\/uploads\/2022\/12\/10-album-2022.png); \">\r\n\t\t\t<div class=\"psacp-featured-meta\">\r\n\t\t\t\t\t\t\t\r\n\t\t\t\t<h2 class=\"psacp-post-title\">\r\n\t\t\t\t\t<a href=\"https:\/\/www.musicletter.it\/luca\/2022\/12\/11\/10-album-del-2022-i-miei-preferiti\/\">10 album del 2022, i miei preferiti<\/a>\r\n\t\t\t\t<\/h2>\r\n\r\n\t\t\t\t\t\t\t\t<div class=\"psacp-post-meta psacp-post-meta-up\">\r\n\t\t\t\t\t<span class=\"psacp-post-meta-data psacp-post-date\"><i class=\"psacp-fa fa-regular fa-clock\"><\/i>11 Dicembre 2022<\/span>\t\t\t\t<\/div>\r\n\t\t\t\t\t\t\t<\/div>\r\n\t\t<\/div>\r\n\t<\/div>\r\n<\/div><div class=\"psacp-post-slide psacp-post-1196 psacp-post-standard psacp-has-thumb\">\r\n\t<div class=\"psacp-post-slider-content\">\r\n\t\t<a class=\"psacp-post-linkoverlay\" href=\"https:\/\/www.musicletter.it\/luca\/2022\/11\/25\/su-rai-isoradio-tra-sora-gyrotonic-musicletter-e-libri-che-ho-scritto\/\"><\/a>\r\n\t\t<div class=\"psacp-post-img-bg\" style=\"background-image:url(https:\/\/www.musicletter.it\/luca\/wp-content\/uploads\/2022\/11\/Rai-Isoradio.jpg); \">\r\n\t\t\t<div class=\"psacp-featured-meta\">\r\n\t\t\t\t\t\t\t\r\n\t\t\t\t<h2 class=\"psacp-post-title\">\r\n\t\t\t\t\t<a href=\"https:\/\/www.musicletter.it\/luca\/2022\/11\/25\/su-rai-isoradio-tra-sora-gyrotonic-musicletter-e-libri-che-ho-scritto\/\">Su Rai Isoradio tra Sora, Gyrotonic, Musicletter e libri che ho scritto<\/a>\r\n\t\t\t\t<\/h2>\r\n\r\n\t\t\t\t\t\t\t\t<div class=\"psacp-post-meta psacp-post-meta-up\">\r\n\t\t\t\t\t<span class=\"psacp-post-meta-data psacp-post-date\"><i class=\"psacp-fa fa-regular fa-clock\"><\/i>25 Novembre 2022<\/span>\t\t\t\t<\/div>\r\n\t\t\t\t\t\t\t<\/div>\r\n\t\t<\/div>\r\n\t<\/div>\r\n<\/div><div class=\"psacp-post-slide psacp-post-1189 psacp-post-standard psacp-has-thumb\">\r\n\t<div class=\"psacp-post-slider-content\">\r\n\t\t<a class=\"psacp-post-linkoverlay\" href=\"https:\/\/www.musicletter.it\/luca\/2022\/11\/21\/la-nostra-famiglia-ospite-a-le-casellanti-su-rai-isoradio\/\"><\/a>\r\n\t\t<div class=\"psacp-post-img-bg\" style=\"background-image:url(https:\/\/www.musicletter.it\/luca\/wp-content\/uploads\/2022\/11\/Rai-Isoradio.jpg); \">\r\n\t\t\t<div class=\"psacp-featured-meta\">\r\n\t\t\t\t\t\t\t\r\n\t\t\t\t<h2 class=\"psacp-post-title\">\r\n\t\t\t\t\t<a href=\"https:\/\/www.musicletter.it\/luca\/2022\/11\/21\/la-nostra-famiglia-ospite-a-le-casellanti-su-rai-isoradio\/\">La nostra famiglia ospite a \u00abLe casellanti\u00bb su Rai Isoradio<\/a>\r\n\t\t\t\t<\/h2>\r\n\r\n\t\t\t\t\t\t\t\t<div class=\"psacp-post-meta psacp-post-meta-up\">\r\n\t\t\t\t\t<span class=\"psacp-post-meta-data psacp-post-date\"><i class=\"psacp-fa fa-regular fa-clock\"><\/i>21 Novembre 2022<\/span>\t\t\t\t<\/div>\r\n\t\t\t\t\t\t\t<\/div>\r\n\t\t<\/div>\r\n\t<\/div>\r\n<\/div><div class=\"psacp-post-slide psacp-post-1185 psacp-post-standard psacp-has-thumb\">\r\n\t<div class=\"psacp-post-slider-content\">\r\n\t\t<a class=\"psacp-post-linkoverlay\" href=\"https:\/\/www.musicletter.it\/luca\/2022\/11\/21\/discorsi-sulla-musica-con-rossana-casale\/\"><\/a>\r\n\t\t<div class=\"psacp-post-img-bg\" style=\"background-image:url(https:\/\/www.musicletter.it\/luca\/wp-content\/uploads\/2022\/11\/Rossana-Casale-due-ph.-Viviana-Falcioni.jpg); \">\r\n\t\t\t<div class=\"psacp-featured-meta\">\r\n\t\t\t\t\t\t\t\r\n\t\t\t\t<h2 class=\"psacp-post-title\">\r\n\t\t\t\t\t<a href=\"https:\/\/www.musicletter.it\/luca\/2022\/11\/21\/discorsi-sulla-musica-con-rossana-casale\/\">\u00abDiscorsi sulla musica\u00bb con Rossana Casale<\/a>\r\n\t\t\t\t<\/h2>\r\n\r\n\t\t\t\t\t\t\t\t<div class=\"psacp-post-meta psacp-post-meta-up\">\r\n\t\t\t\t\t<span class=\"psacp-post-meta-data psacp-post-date\"><i class=\"psacp-fa fa-regular fa-clock\"><\/i>21 Novembre 2022<\/span>\t\t\t\t<\/div>\r\n\t\t\t\t\t\t\t<\/div>\r\n\t\t<\/div>\r\n\t<\/div>\r\n<\/div><div class=\"psacp-post-slide psacp-post-1176 psacp-post-standard psacp-has-thumb\">\r\n\t<div class=\"psacp-post-slider-content\">\r\n\t\t<a class=\"psacp-post-linkoverlay\" href=\"https:\/\/www.musicletter.it\/luca\/2022\/10\/17\/una-volta-ancora\/\"><\/a>\r\n\t\t<div class=\"psacp-post-img-bg\" style=\"background-image:url(https:\/\/www.musicletter.it\/luca\/wp-content\/uploads\/2022\/10\/Fiume-Liri.jpg); \">\r\n\t\t\t<div class=\"psacp-featured-meta\">\r\n\t\t\t\t\t\t\t\r\n\t\t\t\t<h2 class=\"psacp-post-title\">\r\n\t\t\t\t\t<a href=\"https:\/\/www.musicletter.it\/luca\/2022\/10\/17\/una-volta-ancora\/\">Una volta ancora<\/a>\r\n\t\t\t\t<\/h2>\r\n\r\n\t\t\t\t\t\t\t\t<div class=\"psacp-post-meta psacp-post-meta-up\">\r\n\t\t\t\t\t<span class=\"psacp-post-meta-data psacp-post-date\"><i class=\"psacp-fa fa-regular fa-clock\"><\/i>17 Ottobre 2022<\/span>\t\t\t\t<\/div>\r\n\t\t\t\t\t\t\t<\/div>\r\n\t\t<\/div>\r\n\t<\/div>\r\n<\/div><div class=\"psacp-post-slide psacp-post-1172 psacp-post-standard psacp-has-thumb\">\r\n\t<div class=\"psacp-post-slider-content\">\r\n\t\t<a class=\"psacp-post-linkoverlay\" href=\"https:\/\/www.musicletter.it\/luca\/2022\/09\/29\/quattro-domande-a-barry-miles\/\"><\/a>\r\n\t\t<div class=\"psacp-post-img-bg\" style=\"background-image:url(https:\/\/www.musicletter.it\/luca\/wp-content\/uploads\/2022\/09\/Building-Indica-Gallery.-Miles-John-Dunbar-Marianne-Faithfull-Peter-Asher-Paul-McCartney-Graham-Keen.png); \">\r\n\t\t\t<div class=\"psacp-featured-meta\">\r\n\t\t\t\t\t\t\t\r\n\t\t\t\t<h2 class=\"psacp-post-title\">\r\n\t\t\t\t\t<a href=\"https:\/\/www.musicletter.it\/luca\/2022\/09\/29\/quattro-domande-a-barry-miles\/\">Quattro domande a Barry Miles<\/a>\r\n\t\t\t\t<\/h2>\r\n\r\n\t\t\t\t\t\t\t\t<div class=\"psacp-post-meta psacp-post-meta-up\">\r\n\t\t\t\t\t<span class=\"psacp-post-meta-data psacp-post-date\"><i class=\"psacp-fa fa-regular fa-clock\"><\/i>29 Settembre 2022<\/span>\t\t\t\t<\/div>\r\n\t\t\t\t\t\t\t<\/div>\r\n\t\t<\/div>\r\n\t<\/div>\r\n<\/div><div class=\"psacp-post-slide psacp-post-1166 psacp-post-standard psacp-has-thumb\">\r\n\t<div class=\"psacp-post-slider-content\">\r\n\t\t<a class=\"psacp-post-linkoverlay\" href=\"https:\/\/www.musicletter.it\/luca\/2022\/09\/21\/edda-e-maroccolo-mi-hanno-raccontato-illusion\/\"><\/a>\r\n\t\t<div class=\"psacp-post-img-bg\" style=\"background-image:url(https:\/\/www.musicletter.it\/luca\/wp-content\/uploads\/2022\/09\/Edda.png); \">\r\n\t\t\t<div class=\"psacp-featured-meta\">\r\n\t\t\t\t\t\t\t\r\n\t\t\t\t<h2 class=\"psacp-post-title\">\r\n\t\t\t\t\t<a href=\"https:\/\/www.musicletter.it\/luca\/2022\/09\/21\/edda-e-maroccolo-mi-hanno-raccontato-illusion\/\">Edda e Maroccolo mi hanno raccontato \u00abIllusion\u00bb<\/a>\r\n\t\t\t\t<\/h2>\r\n\r\n\t\t\t\t\t\t\t\t<div class=\"psacp-post-meta psacp-post-meta-up\">\r\n\t\t\t\t\t<span class=\"psacp-post-meta-data psacp-post-date\"><i class=\"psacp-fa fa-regular fa-clock\"><\/i>21 Settembre 2022<\/span>\t\t\t\t<\/div>\r\n\t\t\t\t\t\t\t<\/div>\r\n\t\t<\/div>\r\n\t<\/div>\r\n<\/div><div class=\"psacp-post-slide psacp-post-1148 psacp-post-standard psacp-has-thumb\">\r\n\t<div class=\"psacp-post-slider-content\">\r\n\t\t<a class=\"psacp-post-linkoverlay\" href=\"https:\/\/www.musicletter.it\/luca\/2022\/08\/16\/walking-on-the-bridge-lopera-omnia-1985-1990-degli-allison-run\/\"><\/a>\r\n\t\t<div class=\"psacp-post-img-bg\" style=\"background-image:url(https:\/\/www.musicletter.it\/luca\/wp-content\/uploads\/2022\/08\/Allison-Run-opera-omnia-1985-1990-in-triplo-vinile.jpg); \">\r\n\t\t\t<div class=\"psacp-featured-meta\">\r\n\t\t\t\t\t\t\t\r\n\t\t\t\t<h2 class=\"psacp-post-title\">\r\n\t\t\t\t\t<a href=\"https:\/\/www.musicletter.it\/luca\/2022\/08\/16\/walking-on-the-bridge-lopera-omnia-1985-1990-degli-allison-run\/\">\u00abWalking on the Bridge\u00bb, l&#8217;opera omnia (1985-1990) degli Allison Run<\/a>\r\n\t\t\t\t<\/h2>\r\n\r\n\t\t\t\t\t\t\t\t<div class=\"psacp-post-meta psacp-post-meta-up\">\r\n\t\t\t\t\t<span class=\"psacp-post-meta-data psacp-post-date\"><i class=\"psacp-fa fa-regular fa-clock\"><\/i>16 Agosto 2022<\/span>\t\t\t\t<\/div>\r\n\t\t\t\t\t\t\t<\/div>\r\n\t\t<\/div>\r\n\t<\/div>\r\n<\/div><div class=\"psacp-post-slide psacp-post-1143 psacp-post-standard psacp-has-thumb\">\r\n\t<div class=\"psacp-post-slider-content\">\r\n\t\t<a class=\"psacp-post-linkoverlay\" href=\"https:\/\/www.musicletter.it\/luca\/2022\/07\/25\/gaudium-festival-isola-del-liri-il-piacere-della-scoperta\/\"><\/a>\r\n\t\t<div class=\"psacp-post-img-bg\" style=\"background-image:url(https:\/\/www.musicletter.it\/luca\/wp-content\/uploads\/2022\/07\/Gaudium-Festival-2022.jpg); \">\r\n\t\t\t<div class=\"psacp-featured-meta\">\r\n\t\t\t\t\t\t\t\r\n\t\t\t\t<h2 class=\"psacp-post-title\">\r\n\t\t\t\t\t<a href=\"https:\/\/www.musicletter.it\/luca\/2022\/07\/25\/gaudium-festival-isola-del-liri-il-piacere-della-scoperta\/\">Gaudium Festival, Isola del Liri. Il piacere della scoperta<\/a>\r\n\t\t\t\t<\/h2>\r\n\r\n\t\t\t\t\t\t\t\t<div class=\"psacp-post-meta psacp-post-meta-up\">\r\n\t\t\t\t\t<span class=\"psacp-post-meta-data psacp-post-date\"><i class=\"psacp-fa fa-regular fa-clock\"><\/i>25 Luglio 2022<\/span>\t\t\t\t<\/div>\r\n\t\t\t\t\t\t\t<\/div>\r\n\t\t<\/div>\r\n\t<\/div>\r\n<\/div><div class=\"psacp-post-slide psacp-post-1134 psacp-post-standard psacp-has-thumb\">\r\n\t<div class=\"psacp-post-slider-content\">\r\n\t\t<a class=\"psacp-post-linkoverlay\" href=\"https:\/\/www.musicletter.it\/luca\/2022\/06\/23\/musica-per-cani-su-petfamily-di-giugno-2022\/\"><\/a>\r\n\t\t<div class=\"psacp-post-img-bg\" style=\"background-image:url(https:\/\/www.musicletter.it\/luca\/wp-content\/uploads\/2021\/06\/Musica-per-cani-Pallino.jpg); \">\r\n\t\t\t<div class=\"psacp-featured-meta\">\r\n\t\t\t\t\t\t\t\r\n\t\t\t\t<h2 class=\"psacp-post-title\">\r\n\t\t\t\t\t<a href=\"https:\/\/www.musicletter.it\/luca\/2022\/06\/23\/musica-per-cani-su-petfamily-di-giugno-2022\/\">Musica per cani su PetFamily di giugno 2022<\/a>\r\n\t\t\t\t<\/h2>\r\n\r\n\t\t\t\t\t\t\t\t<div class=\"psacp-post-meta psacp-post-meta-up\">\r\n\t\t\t\t\t<span class=\"psacp-post-meta-data psacp-post-date\"><i class=\"psacp-fa fa-regular fa-clock\"><\/i>23 Giugno 2022<\/span>\t\t\t\t<\/div>\r\n\t\t\t\t\t\t\t<\/div>\r\n\t\t<\/div>\r\n\t<\/div>\r\n<\/div><div class=\"psacp-post-slide psacp-post-1132 psacp-post-standard psacp-has-thumb\">\r\n\t<div class=\"psacp-post-slider-content\">\r\n\t\t<a class=\"psacp-post-linkoverlay\" href=\"https:\/\/www.musicletter.it\/luca\/2022\/06\/20\/intervista-su-i-think-magazine\/\"><\/a>\r\n\t\t<div class=\"psacp-post-img-bg\" style=\"background-image:url(https:\/\/www.musicletter.it\/luca\/wp-content\/uploads\/2022\/03\/dambrosio-luca.png); \">\r\n\t\t\t<div class=\"psacp-featured-meta\">\r\n\t\t\t\t\t\t\t\r\n\t\t\t\t<h2 class=\"psacp-post-title\">\r\n\t\t\t\t\t<a href=\"https:\/\/www.musicletter.it\/luca\/2022\/06\/20\/intervista-su-i-think-magazine\/\">Intervista su I Think Magazine<\/a>\r\n\t\t\t\t<\/h2>\r\n\r\n\t\t\t\t\t\t\t\t<div class=\"psacp-post-meta psacp-post-meta-up\">\r\n\t\t\t\t\t<span class=\"psacp-post-meta-data psacp-post-date\"><i class=\"psacp-fa fa-regular fa-clock\"><\/i>20 Giugno 2022<\/span>\t\t\t\t<\/div>\r\n\t\t\t\t\t\t\t<\/div>\r\n\t\t<\/div>\r\n\t<\/div>\r\n<\/div><div class=\"psacp-post-slide psacp-post-1125 psacp-post-standard psacp-has-thumb\">\r\n\t<div class=\"psacp-post-slider-content\">\r\n\t\t<a class=\"psacp-post-linkoverlay\" href=\"https:\/\/www.musicletter.it\/luca\/2022\/06\/15\/due-chiacchiere-con-steve-wynn\/\"><\/a>\r\n\t\t<div class=\"psacp-post-img-bg\" style=\"background-image:url(https:\/\/www.musicletter.it\/luca\/wp-content\/uploads\/2022\/06\/Steve-Wynn-e-io.jpg); \">\r\n\t\t\t<div class=\"psacp-featured-meta\">\r\n\t\t\t\t\t\t\t\r\n\t\t\t\t<h2 class=\"psacp-post-title\">\r\n\t\t\t\t\t<a href=\"https:\/\/www.musicletter.it\/luca\/2022\/06\/15\/due-chiacchiere-con-steve-wynn\/\">Due chiacchiere con Steve Wynn<\/a>\r\n\t\t\t\t<\/h2>\r\n\r\n\t\t\t\t\t\t\t\t<div class=\"psacp-post-meta psacp-post-meta-up\">\r\n\t\t\t\t\t<span class=\"psacp-post-meta-data psacp-post-date\"><i class=\"psacp-fa fa-regular fa-clock\"><\/i>15 Giugno 2022<\/span>\t\t\t\t<\/div>\r\n\t\t\t\t\t\t\t<\/div>\r\n\t\t<\/div>\r\n\t<\/div>\r\n<\/div><div class=\"psacp-post-slide psacp-post-1122 psacp-post-standard psacp-has-thumb\">\r\n\t<div class=\"psacp-post-slider-content\">\r\n\t\t<a class=\"psacp-post-linkoverlay\" href=\"https:\/\/www.musicletter.it\/luca\/2022\/06\/15\/due-chiacchiere-con-enrico-maria-papes\/\"><\/a>\r\n\t\t<div class=\"psacp-post-img-bg\" style=\"background-image:url(https:\/\/www.musicletter.it\/luca\/wp-content\/uploads\/2022\/06\/Papes-e-DAmbrosio.jpg); \">\r\n\t\t\t<div class=\"psacp-featured-meta\">\r\n\t\t\t\t\t\t\t\r\n\t\t\t\t<h2 class=\"psacp-post-title\">\r\n\t\t\t\t\t<a href=\"https:\/\/www.musicletter.it\/luca\/2022\/06\/15\/due-chiacchiere-con-enrico-maria-papes\/\">Due chiacchiere con Enrico Maria Papes<\/a>\r\n\t\t\t\t<\/h2>\r\n\r\n\t\t\t\t\t\t\t\t<div class=\"psacp-post-meta psacp-post-meta-up\">\r\n\t\t\t\t\t<span class=\"psacp-post-meta-data psacp-post-date\"><i class=\"psacp-fa fa-regular fa-clock\"><\/i>15 Giugno 2022<\/span>\t\t\t\t<\/div>\r\n\t\t\t\t\t\t\t<\/div>\r\n\t\t<\/div>\r\n\t<\/div>\r\n<\/div><div class=\"psacp-post-slide psacp-post-1104 psacp-post-standard psacp-has-thumb\">\r\n\t<div class=\"psacp-post-slider-content\">\r\n\t\t<a class=\"psacp-post-linkoverlay\" href=\"https:\/\/www.musicletter.it\/luca\/2022\/04\/04\/angelique-kidjo-vince-il-suo-quinto-grammy-award\/\"><\/a>\r\n\t\t<div class=\"psacp-post-img-bg\" style=\"background-image:url(https:\/\/www.musicletter.it\/luca\/wp-content\/uploads\/2022\/04\/Angelique-Kidjo-press-photo.jpg); \">\r\n\t\t\t<div class=\"psacp-featured-meta\">\r\n\t\t\t\t\t\t\t\r\n\t\t\t\t<h2 class=\"psacp-post-title\">\r\n\t\t\t\t\t<a href=\"https:\/\/www.musicletter.it\/luca\/2022\/04\/04\/angelique-kidjo-vince-il-suo-quinto-grammy-award\/\">Ang\u00e9lique Kidjo vince il suo quinto Grammy Award<\/a>\r\n\t\t\t\t<\/h2>\r\n\r\n\t\t\t\t\t\t\t\t<div class=\"psacp-post-meta psacp-post-meta-up\">\r\n\t\t\t\t\t<span class=\"psacp-post-meta-data psacp-post-date\"><i class=\"psacp-fa fa-regular fa-clock\"><\/i>4 Aprile 2022<\/span>\t\t\t\t<\/div>\r\n\t\t\t\t\t\t\t<\/div>\r\n\t\t<\/div>\r\n\t<\/div>\r\n<\/div><div class=\"psacp-post-slide psacp-post-1097 psacp-post-standard psacp-has-thumb\">\r\n\t<div class=\"psacp-post-slider-content\">\r\n\t\t<a class=\"psacp-post-linkoverlay\" href=\"https:\/\/www.musicletter.it\/luca\/2022\/03\/29\/intervista-su-cinemonitor-progetto-che-fa-capo-alla-sapienza-universita-di-roma\/\"><\/a>\r\n\t\t<div class=\"psacp-post-img-bg\" style=\"background-image:url(https:\/\/www.musicletter.it\/luca\/wp-content\/uploads\/2022\/03\/dambrosio-luca.png); \">\r\n\t\t\t<div class=\"psacp-featured-meta\">\r\n\t\t\t\t\t\t\t\r\n\t\t\t\t<h2 class=\"psacp-post-title\">\r\n\t\t\t\t\t<a href=\"https:\/\/www.musicletter.it\/luca\/2022\/03\/29\/intervista-su-cinemonitor-progetto-che-fa-capo-alla-sapienza-universita-di-roma\/\">Intervista su Cinemonitor, progetto che fa capo alla Sapienza Universit\u00e0 di Roma<\/a>\r\n\t\t\t\t<\/h2>\r\n\r\n\t\t\t\t\t\t\t\t<div class=\"psacp-post-meta psacp-post-meta-up\">\r\n\t\t\t\t\t<span class=\"psacp-post-meta-data psacp-post-date\"><i class=\"psacp-fa fa-regular fa-clock\"><\/i>29 Marzo 2022<\/span>\t\t\t\t<\/div>\r\n\t\t\t\t\t\t\t<\/div>\r\n\t\t<\/div>\r\n\t<\/div>\r\n<\/div><div class=\"psacp-post-slide psacp-post-1080 psacp-post-standard psacp-has-thumb\">\r\n\t<div class=\"psacp-post-slider-content\">\r\n\t\t<a class=\"psacp-post-linkoverlay\" href=\"https:\/\/www.musicletter.it\/luca\/2022\/03\/25\/margherita-di-savoia-e-montecatini-terme-due-presentazioni-in-arrivo\/\"><\/a>\r\n\t\t<div class=\"psacp-post-img-bg\" style=\"background-image:url(https:\/\/www.musicletter.it\/luca\/wp-content\/uploads\/2022\/03\/Musica-migrante-cassino.png); \">\r\n\t\t\t<div class=\"psacp-featured-meta\">\r\n\t\t\t\t\t\t\t\r\n\t\t\t\t<h2 class=\"psacp-post-title\">\r\n\t\t\t\t\t<a href=\"https:\/\/www.musicletter.it\/luca\/2022\/03\/25\/margherita-di-savoia-e-montecatini-terme-due-presentazioni-in-arrivo\/\">Margherita di Savoia e Montecatini Terme. Due presentazioni in arrivo<\/a>\r\n\t\t\t\t<\/h2>\r\n\r\n\t\t\t\t\t\t\t\t<div class=\"psacp-post-meta psacp-post-meta-up\">\r\n\t\t\t\t\t<span class=\"psacp-post-meta-data psacp-post-date\"><i class=\"psacp-fa fa-regular fa-clock\"><\/i>25 Marzo 2022<\/span>\t\t\t\t<\/div>\r\n\t\t\t\t\t\t\t<\/div>\r\n\t\t<\/div>\r\n\t<\/div>\r\n<\/div><div class=\"psacp-post-slide psacp-post-1074 psacp-post-standard psacp-has-thumb\">\r\n\t<div class=\"psacp-post-slider-content\">\r\n\t\t<a class=\"psacp-post-linkoverlay\" href=\"https:\/\/www.musicletter.it\/luca\/2022\/03\/24\/da-sora-a-siret-romania-al-confine-con-lucraina\/\"><\/a>\r\n\t\t<div class=\"psacp-post-img-bg\" style=\"background-image:url(https:\/\/www.musicletter.it\/luca\/wp-content\/uploads\/2022\/03\/Luca.jpg); \">\r\n\t\t\t<div class=\"psacp-featured-meta\">\r\n\t\t\t\t\t\t\t\r\n\t\t\t\t<h2 class=\"psacp-post-title\">\r\n\t\t\t\t\t<a href=\"https:\/\/www.musicletter.it\/luca\/2022\/03\/24\/da-sora-a-siret-romania-al-confine-con-lucraina\/\">Da Sora a Siret, Romania, al confine con l&#8217;Ucraina<\/a>\r\n\t\t\t\t<\/h2>\r\n\r\n\t\t\t\t\t\t\t\t<div class=\"psacp-post-meta psacp-post-meta-up\">\r\n\t\t\t\t\t<span class=\"psacp-post-meta-data psacp-post-date\"><i class=\"psacp-fa fa-regular fa-clock\"><\/i>24 Marzo 2022<\/span>\t\t\t\t<\/div>\r\n\t\t\t\t\t\t\t<\/div>\r\n\t\t<\/div>\r\n\t<\/div>\r\n<\/div><div class=\"psacp-post-slide psacp-post-1061 psacp-post-standard psacp-has-thumb\">\r\n\t<div class=\"psacp-post-slider-content\">\r\n\t\t<a class=\"psacp-post-linkoverlay\" href=\"https:\/\/www.musicletter.it\/luca\/2022\/02\/28\/no-alla-guerra\/\"><\/a>\r\n\t\t<div class=\"psacp-post-img-bg\" style=\"background-image:url(https:\/\/www.musicletter.it\/luca\/wp-content\/uploads\/2022\/02\/Guerra.jpg); \">\r\n\t\t\t<div class=\"psacp-featured-meta\">\r\n\t\t\t\t\t\t\t\r\n\t\t\t\t<h2 class=\"psacp-post-title\">\r\n\t\t\t\t\t<a href=\"https:\/\/www.musicletter.it\/luca\/2022\/02\/28\/no-alla-guerra\/\">No alla guerra!<\/a>\r\n\t\t\t\t<\/h2>\r\n\r\n\t\t\t\t\t\t\t\t<div class=\"psacp-post-meta psacp-post-meta-up\">\r\n\t\t\t\t\t<span class=\"psacp-post-meta-data psacp-post-date\"><i class=\"psacp-fa fa-regular fa-clock\"><\/i>28 Febbraio 2022<\/span>\t\t\t\t<\/div>\r\n\t\t\t\t\t\t\t<\/div>\r\n\t\t<\/div>\r\n\t<\/div>\r\n<\/div><div class=\"psacp-post-slide psacp-post-1033 psacp-post-standard psacp-has-thumb\">\r\n\t<div class=\"psacp-post-slider-content\">\r\n\t\t<a class=\"psacp-post-linkoverlay\" href=\"https:\/\/www.musicletter.it\/luca\/2022\/02\/08\/due-chiacchiere-con-massimo-zamboni\/\"><\/a>\r\n\t\t<div class=\"psacp-post-img-bg\" style=\"background-image:url(https:\/\/www.musicletter.it\/luca\/wp-content\/uploads\/2022\/02\/Massimo-Zamboni-press-photo.png); \">\r\n\t\t\t<div class=\"psacp-featured-meta\">\r\n\t\t\t\t\t\t\t\r\n\t\t\t\t<h2 class=\"psacp-post-title\">\r\n\t\t\t\t\t<a href=\"https:\/\/www.musicletter.it\/luca\/2022\/02\/08\/due-chiacchiere-con-massimo-zamboni\/\">Due chiacchiere con Massimo Zamboni<\/a>\r\n\t\t\t\t<\/h2>\r\n\r\n\t\t\t\t\t\t\t\t<div class=\"psacp-post-meta psacp-post-meta-up\">\r\n\t\t\t\t\t<span class=\"psacp-post-meta-data psacp-post-date\"><i class=\"psacp-fa fa-regular fa-clock\"><\/i>8 Febbraio 2022<\/span>\t\t\t\t<\/div>\r\n\t\t\t\t\t\t\t<\/div>\r\n\t\t<\/div>\r\n\t<\/div>\r\n<\/div><div class=\"psacp-post-slide psacp-post-1024 psacp-post-standard psacp-has-thumb\">\r\n\t<div class=\"psacp-post-slider-content\">\r\n\t\t<a class=\"psacp-post-linkoverlay\" href=\"https:\/\/www.musicletter.it\/luca\/2022\/01\/15\/musica-migrante-un-libro-sempre-attuale\/\"><\/a>\r\n\t\t<div class=\"psacp-post-img-bg\" style=\"background-image:url(https:\/\/www.musicletter.it\/luca\/wp-content\/uploads\/2022\/01\/musica-migrante-presentazioni.jpg); \">\r\n\t\t\t<div class=\"psacp-featured-meta\">\r\n\t\t\t\t\t\t\t\r\n\t\t\t\t<h2 class=\"psacp-post-title\">\r\n\t\t\t\t\t<a href=\"https:\/\/www.musicletter.it\/luca\/2022\/01\/15\/musica-migrante-un-libro-sempre-attuale\/\">Musica migrante. Un libro sempre attuale<\/a>\r\n\t\t\t\t<\/h2>\r\n\r\n\t\t\t\t\t\t\t\t<div class=\"psacp-post-meta psacp-post-meta-up\">\r\n\t\t\t\t\t<span class=\"psacp-post-meta-data psacp-post-date\"><i class=\"psacp-fa fa-regular fa-clock\"><\/i>15 Gennaio 2022<\/span>\t\t\t\t<\/div>\r\n\t\t\t\t\t\t\t<\/div>\r\n\t\t<\/div>\r\n\t<\/div>\r\n<\/div><div class=\"psacp-post-slide psacp-post-1017 psacp-post-standard psacp-has-thumb\">\r\n\t<div class=\"psacp-post-slider-content\">\r\n\t\t<a class=\"psacp-post-linkoverlay\" href=\"https:\/\/www.musicletter.it\/luca\/2021\/12\/17\/invito-alla-lettura-in-occasione-della-giornata-internazionale-per-i-diritti-dei-migranti-del-18-dicembre\/\"><\/a>\r\n\t\t<div class=\"psacp-post-img-bg\" style=\"background-image:url(https:\/\/www.musicletter.it\/luca\/wp-content\/uploads\/2021\/12\/Giovane-migrante-disegno-di-Laura-Colucci.png); \">\r\n\t\t\t<div class=\"psacp-featured-meta\">\r\n\t\t\t\t\t\t\t\r\n\t\t\t\t<h2 class=\"psacp-post-title\">\r\n\t\t\t\t\t<a href=\"https:\/\/www.musicletter.it\/luca\/2021\/12\/17\/invito-alla-lettura-in-occasione-della-giornata-internazionale-per-i-diritti-dei-migranti-del-18-dicembre\/\">Invito alla lettura in occasione della &#8220;Giornata internazionale per i diritti dei migranti&#8221; del 18 dicembre<\/a>\r\n\t\t\t\t<\/h2>\r\n\r\n\t\t\t\t\t\t\t\t<div class=\"psacp-post-meta psacp-post-meta-up\">\r\n\t\t\t\t\t<span class=\"psacp-post-meta-data psacp-post-date\"><i class=\"psacp-fa fa-regular fa-clock\"><\/i>17 Dicembre 2021<\/span>\t\t\t\t<\/div>\r\n\t\t\t\t\t\t\t<\/div>\r\n\t\t<\/div>\r\n\t<\/div>\r\n<\/div><div class=\"psacp-post-slide psacp-post-967 psacp-post-standard psacp-has-thumb\">\r\n\t<div class=\"psacp-post-slider-content\">\r\n\t\t<a class=\"psacp-post-linkoverlay\" href=\"https:\/\/www.musicletter.it\/luca\/2021\/11\/22\/i-miei-15-album-preferiti-del-2021\/\"><\/a>\r\n\t\t<div class=\"psacp-post-img-bg\" style=\"background-image:url(https:\/\/www.musicletter.it\/luca\/wp-content\/uploads\/2021\/11\/15.png); \">\r\n\t\t\t<div class=\"psacp-featured-meta\">\r\n\t\t\t\t\t\t\t\r\n\t\t\t\t<h2 class=\"psacp-post-title\">\r\n\t\t\t\t\t<a href=\"https:\/\/www.musicletter.it\/luca\/2021\/11\/22\/i-miei-15-album-preferiti-del-2021\/\">I miei 15 album preferiti del 2021<\/a>\r\n\t\t\t\t<\/h2>\r\n\r\n\t\t\t\t\t\t\t\t<div class=\"psacp-post-meta psacp-post-meta-up\">\r\n\t\t\t\t\t<span class=\"psacp-post-meta-data psacp-post-date\"><i class=\"psacp-fa fa-regular fa-clock\"><\/i>22 Novembre 2021<\/span>\t\t\t\t<\/div>\r\n\t\t\t\t\t\t\t<\/div>\r\n\t\t<\/div>\r\n\t<\/div>\r\n<\/div><div class=\"psacp-post-slide psacp-post-940 psacp-post-standard psacp-has-thumb\">\r\n\t<div class=\"psacp-post-slider-content\">\r\n\t\t<a class=\"psacp-post-linkoverlay\" href=\"https:\/\/www.musicletter.it\/luca\/2021\/11\/02\/due-chiacchiere-con-modi\/\"><\/a>\r\n\t\t<div class=\"psacp-post-img-bg\" style=\"background-image:url(https:\/\/www.musicletter.it\/luca\/wp-content\/uploads\/2021\/11\/Modi-e-io.jpg); \">\r\n\t\t\t<div class=\"psacp-featured-meta\">\r\n\t\t\t\t\t\t\t\r\n\t\t\t\t<h2 class=\"psacp-post-title\">\r\n\t\t\t\t\t<a href=\"https:\/\/www.musicletter.it\/luca\/2021\/11\/02\/due-chiacchiere-con-modi\/\">Due chiacchiere con Mod\u00ec<\/a>\r\n\t\t\t\t<\/h2>\r\n\r\n\t\t\t\t\t\t\t\t<div class=\"psacp-post-meta psacp-post-meta-up\">\r\n\t\t\t\t\t<span class=\"psacp-post-meta-data psacp-post-date\"><i class=\"psacp-fa fa-regular fa-clock\"><\/i>2 Novembre 2021<\/span>\t\t\t\t<\/div>\r\n\t\t\t\t\t\t\t<\/div>\r\n\t\t<\/div>\r\n\t<\/div>\r\n<\/div><div class=\"psacp-post-slide psacp-post-935 psacp-post-standard psacp-has-thumb\">\r\n\t<div class=\"psacp-post-slider-content\">\r\n\t\t<a class=\"psacp-post-linkoverlay\" href=\"https:\/\/www.musicletter.it\/luca\/2021\/10\/17\/discorsi-sulla-musica-con-marino-severini\/\"><\/a>\r\n\t\t<div class=\"psacp-post-img-bg\" style=\"background-image:url(https:\/\/www.musicletter.it\/luca\/wp-content\/uploads\/2021\/10\/The-Gang.jpg); \">\r\n\t\t\t<div class=\"psacp-featured-meta\">\r\n\t\t\t\t\t\t\t\r\n\t\t\t\t<h2 class=\"psacp-post-title\">\r\n\t\t\t\t\t<a href=\"https:\/\/www.musicletter.it\/luca\/2021\/10\/17\/discorsi-sulla-musica-con-marino-severini\/\">\u00abDiscorsi sulla musica\u00bb con Marino Severini<\/a>\r\n\t\t\t\t<\/h2>\r\n\r\n\t\t\t\t\t\t\t\t<div class=\"psacp-post-meta psacp-post-meta-up\">\r\n\t\t\t\t\t<span class=\"psacp-post-meta-data psacp-post-date\"><i class=\"psacp-fa fa-regular fa-clock\"><\/i>17 Ottobre 2021<\/span>\t\t\t\t<\/div>\r\n\t\t\t\t\t\t\t<\/div>\r\n\t\t<\/div>\r\n\t<\/div>\r\n<\/div><div class=\"psacp-post-slide psacp-post-932 psacp-post-standard psacp-has-thumb\">\r\n\t<div class=\"psacp-post-slider-content\">\r\n\t\t<a class=\"psacp-post-linkoverlay\" href=\"https:\/\/www.musicletter.it\/luca\/2021\/10\/17\/discorsi-sulla-musica-con-wrongonyou\/\"><\/a>\r\n\t\t<div class=\"psacp-post-img-bg\" style=\"background-image:url(https:\/\/www.musicletter.it\/luca\/wp-content\/uploads\/2021\/10\/Marco-Zitelli.png); \">\r\n\t\t\t<div class=\"psacp-featured-meta\">\r\n\t\t\t\t\t\t\t\r\n\t\t\t\t<h2 class=\"psacp-post-title\">\r\n\t\t\t\t\t<a href=\"https:\/\/www.musicletter.it\/luca\/2021\/10\/17\/discorsi-sulla-musica-con-wrongonyou\/\">\u00abDiscorsi sulla musica\u00bb con Wrongonyou<\/a>\r\n\t\t\t\t<\/h2>\r\n\r\n\t\t\t\t\t\t\t\t<div class=\"psacp-post-meta psacp-post-meta-up\">\r\n\t\t\t\t\t<span class=\"psacp-post-meta-data psacp-post-date\"><i class=\"psacp-fa fa-regular fa-clock\"><\/i>17 Ottobre 2021<\/span>\t\t\t\t<\/div>\r\n\t\t\t\t\t\t\t<\/div>\r\n\t\t<\/div>\r\n\t<\/div>\r\n<\/div><div class=\"psacp-post-slide psacp-post-929 psacp-post-standard psacp-has-thumb\">\r\n\t<div class=\"psacp-post-slider-content\">\r\n\t\t<a class=\"psacp-post-linkoverlay\" href=\"https:\/\/www.musicletter.it\/luca\/2021\/10\/17\/discorsi-sulla-musica-con-fabio-curto\/\"><\/a>\r\n\t\t<div class=\"psacp-post-img-bg\" style=\"background-image:url(https:\/\/www.musicletter.it\/luca\/wp-content\/uploads\/2021\/10\/Fabio-Curto-foto-di-Umberto-Angelini.jpeg); \">\r\n\t\t\t<div class=\"psacp-featured-meta\">\r\n\t\t\t\t\t\t\t\r\n\t\t\t\t<h2 class=\"psacp-post-title\">\r\n\t\t\t\t\t<a href=\"https:\/\/www.musicletter.it\/luca\/2021\/10\/17\/discorsi-sulla-musica-con-fabio-curto\/\">\u00abDiscorsi sulla musica\u00bb con Fabio Curto<\/a>\r\n\t\t\t\t<\/h2>\r\n\r\n\t\t\t\t\t\t\t\t<div class=\"psacp-post-meta psacp-post-meta-up\">\r\n\t\t\t\t\t<span class=\"psacp-post-meta-data psacp-post-date\"><i class=\"psacp-fa fa-regular fa-clock\"><\/i>17 Ottobre 2021<\/span>\t\t\t\t<\/div>\r\n\t\t\t\t\t\t\t<\/div>\r\n\t\t<\/div>\r\n\t<\/div>\r\n<\/div><div class=\"psacp-post-slide psacp-post-925 psacp-post-standard psacp-has-thumb\">\r\n\t<div class=\"psacp-post-slider-content\">\r\n\t\t<a class=\"psacp-post-linkoverlay\" href=\"https:\/\/www.musicletter.it\/luca\/2021\/10\/14\/discorsi-sulla-musica-con-erica-mou\/\"><\/a>\r\n\t\t<div class=\"psacp-post-img-bg\" style=\"background-image:url(https:\/\/www.musicletter.it\/luca\/wp-content\/uploads\/2021\/10\/Erica.jpg); \">\r\n\t\t\t<div class=\"psacp-featured-meta\">\r\n\t\t\t\t\t\t\t\r\n\t\t\t\t<h2 class=\"psacp-post-title\">\r\n\t\t\t\t\t<a href=\"https:\/\/www.musicletter.it\/luca\/2021\/10\/14\/discorsi-sulla-musica-con-erica-mou\/\">\u00abDiscorsi sulla musica\u00bb con Erica Mou<\/a>\r\n\t\t\t\t<\/h2>\r\n\r\n\t\t\t\t\t\t\t\t<div class=\"psacp-post-meta psacp-post-meta-up\">\r\n\t\t\t\t\t<span class=\"psacp-post-meta-data psacp-post-date\"><i class=\"psacp-fa fa-regular fa-clock\"><\/i>14 Ottobre 2021<\/span>\t\t\t\t<\/div>\r\n\t\t\t\t\t\t\t<\/div>\r\n\t\t<\/div>\r\n\t<\/div>\r\n<\/div><div class=\"psacp-post-slide psacp-post-920 psacp-post-standard psacp-has-thumb\">\r\n\t<div class=\"psacp-post-slider-content\">\r\n\t\t<a class=\"psacp-post-linkoverlay\" href=\"https:\/\/www.musicletter.it\/luca\/2021\/10\/14\/discorsi-sulla-musica-con-edda\/\"><\/a>\r\n\t\t<div class=\"psacp-post-img-bg\" style=\"background-image:url(https:\/\/www.musicletter.it\/luca\/wp-content\/uploads\/2021\/10\/Edda.jpg); \">\r\n\t\t\t<div class=\"psacp-featured-meta\">\r\n\t\t\t\t\t\t\t\r\n\t\t\t\t<h2 class=\"psacp-post-title\">\r\n\t\t\t\t\t<a href=\"https:\/\/www.musicletter.it\/luca\/2021\/10\/14\/discorsi-sulla-musica-con-edda\/\">\u00abDiscorsi sulla musica\u00bb con Edda<\/a>\r\n\t\t\t\t<\/h2>\r\n\r\n\t\t\t\t\t\t\t\t<div class=\"psacp-post-meta psacp-post-meta-up\">\r\n\t\t\t\t\t<span class=\"psacp-post-meta-data psacp-post-date\"><i class=\"psacp-fa fa-regular fa-clock\"><\/i>14 Ottobre 2021<\/span>\t\t\t\t<\/div>\r\n\t\t\t\t\t\t\t<\/div>\r\n\t\t<\/div>\r\n\t<\/div>\r\n<\/div><div class=\"psacp-post-slide psacp-post-909 psacp-post-standard psacp-has-thumb\">\r\n\t<div class=\"psacp-post-slider-content\">\r\n\t\t<a class=\"psacp-post-linkoverlay\" href=\"https:\/\/www.musicletter.it\/luca\/2021\/10\/04\/il-piacere-e-lonore-di-consegnare-il-pimi-2021-ad-amerigo-verardi\/\"><\/a>\r\n\t\t<div class=\"psacp-post-img-bg\" style=\"background-image:url(https:\/\/www.musicletter.it\/luca\/wp-content\/uploads\/2021\/10\/Verardi.jpg); \">\r\n\t\t\t<div class=\"psacp-featured-meta\">\r\n\t\t\t\t\t\t\t\r\n\t\t\t\t<h2 class=\"psacp-post-title\">\r\n\t\t\t\t\t<a href=\"https:\/\/www.musicletter.it\/luca\/2021\/10\/04\/il-piacere-e-lonore-di-consegnare-il-pimi-2021-ad-amerigo-verardi\/\">Il piacere e l&#8217;onore di consegnare il PIMI 2021 ad Amerigo Verardi<\/a>\r\n\t\t\t\t<\/h2>\r\n\r\n\t\t\t\t\t\t\t\t<div class=\"psacp-post-meta psacp-post-meta-up\">\r\n\t\t\t\t\t<span class=\"psacp-post-meta-data psacp-post-date\"><i class=\"psacp-fa fa-regular fa-clock\"><\/i>4 Ottobre 2021<\/span>\t\t\t\t<\/div>\r\n\t\t\t\t\t\t\t<\/div>\r\n\t\t<\/div>\r\n\t<\/div>\r\n<\/div><div class=\"psacp-post-slide psacp-post-905 psacp-post-standard psacp-has-thumb\">\r\n\t<div class=\"psacp-post-slider-content\">\r\n\t\t<a class=\"psacp-post-linkoverlay\" href=\"https:\/\/www.musicletter.it\/luca\/2021\/10\/04\/musica-migrante-e-sbarcato-anche-a-faenza\/\"><\/a>\r\n\t\t<div class=\"psacp-post-img-bg\" style=\"background-image:url(https:\/\/www.musicletter.it\/luca\/wp-content\/uploads\/2021\/10\/Faenza-presentazione.png); \">\r\n\t\t\t<div class=\"psacp-featured-meta\">\r\n\t\t\t\t\t\t\t\r\n\t\t\t\t<h2 class=\"psacp-post-title\">\r\n\t\t\t\t\t<a href=\"https:\/\/www.musicletter.it\/luca\/2021\/10\/04\/musica-migrante-e-sbarcato-anche-a-faenza\/\">\u00abMusica migrante\u00bb \u00e8 sbarcato anche a Faenza<\/a>\r\n\t\t\t\t<\/h2>\r\n\r\n\t\t\t\t\t\t\t\t<div class=\"psacp-post-meta psacp-post-meta-up\">\r\n\t\t\t\t\t<span class=\"psacp-post-meta-data psacp-post-date\"><i class=\"psacp-fa fa-regular fa-clock\"><\/i>4 Ottobre 2021<\/span>\t\t\t\t<\/div>\r\n\t\t\t\t\t\t\t<\/div>\r\n\t\t<\/div>\r\n\t<\/div>\r\n<\/div><div class=\"psacp-post-slide psacp-post-889 psacp-post-standard psacp-has-thumb\">\r\n\t<div class=\"psacp-post-slider-content\">\r\n\t\t<a class=\"psacp-post-linkoverlay\" href=\"https:\/\/www.musicletter.it\/luca\/2021\/07\/13\/discorsi-sulla-musica-con-mirkoeilcane\/\"><\/a>\r\n\t\t<div class=\"psacp-post-img-bg\" style=\"background-image:url(https:\/\/www.musicletter.it\/luca\/wp-content\/uploads\/2021\/07\/Mirkoeilcane.png); \">\r\n\t\t\t<div class=\"psacp-featured-meta\">\r\n\t\t\t\t\t\t\t\r\n\t\t\t\t<h2 class=\"psacp-post-title\">\r\n\t\t\t\t\t<a href=\"https:\/\/www.musicletter.it\/luca\/2021\/07\/13\/discorsi-sulla-musica-con-mirkoeilcane\/\">\u00abDiscorsi sulla musica\u00bb con Mirkoeilcane<\/a>\r\n\t\t\t\t<\/h2>\r\n\r\n\t\t\t\t\t\t\t\t<div class=\"psacp-post-meta psacp-post-meta-up\">\r\n\t\t\t\t\t<span class=\"psacp-post-meta-data psacp-post-date\"><i class=\"psacp-fa fa-regular fa-clock\"><\/i>13 Luglio 2021<\/span>\t\t\t\t<\/div>\r\n\t\t\t\t\t\t\t<\/div>\r\n\t\t<\/div>\r\n\t<\/div>\r\n<\/div><div class=\"psacp-post-slide psacp-post-881 psacp-post-standard psacp-has-thumb\">\r\n\t<div class=\"psacp-post-slider-content\">\r\n\t\t<a class=\"psacp-post-linkoverlay\" href=\"https:\/\/www.musicletter.it\/luca\/2021\/07\/03\/discorsi-sulla-musica-con-ghigo-renzulli\/\"><\/a>\r\n\t\t<div class=\"psacp-post-img-bg\" style=\"background-image:url(https:\/\/www.musicletter.it\/luca\/wp-content\/uploads\/2021\/07\/Ghigo-Renzulli.png); \">\r\n\t\t\t<div class=\"psacp-featured-meta\">\r\n\t\t\t\t\t\t\t\r\n\t\t\t\t<h2 class=\"psacp-post-title\">\r\n\t\t\t\t\t<a href=\"https:\/\/www.musicletter.it\/luca\/2021\/07\/03\/discorsi-sulla-musica-con-ghigo-renzulli\/\">\u00abDiscorsi sulla musica\u00bb con Ghigo Renzulli<\/a>\r\n\t\t\t\t<\/h2>\r\n\r\n\t\t\t\t\t\t\t\t<div class=\"psacp-post-meta psacp-post-meta-up\">\r\n\t\t\t\t\t<span class=\"psacp-post-meta-data psacp-post-date\"><i class=\"psacp-fa fa-regular fa-clock\"><\/i>3 Luglio 2021<\/span>\t\t\t\t<\/div>\r\n\t\t\t\t\t\t\t<\/div>\r\n\t\t<\/div>\r\n\t<\/div>\r\n<\/div><div class=\"psacp-post-slide psacp-post-868 psacp-post-standard psacp-has-thumb\">\r\n\t<div class=\"psacp-post-slider-content\">\r\n\t\t<a class=\"psacp-post-linkoverlay\" href=\"https:\/\/www.musicletter.it\/luca\/2021\/06\/22\/musica-per-cani-recensito-da-rockol\/\"><\/a>\r\n\t\t<div class=\"psacp-post-img-bg\" style=\"background-image:url(https:\/\/www.musicletter.it\/luca\/wp-content\/uploads\/2021\/06\/Musica-per-cani-Pallino.jpg); \">\r\n\t\t\t<div class=\"psacp-featured-meta\">\r\n\t\t\t\t\t\t\t\r\n\t\t\t\t<h2 class=\"psacp-post-title\">\r\n\t\t\t\t\t<a href=\"https:\/\/www.musicletter.it\/luca\/2021\/06\/22\/musica-per-cani-recensito-da-rockol\/\">\u00abMusica per cani\u00bb recensito da Rockol<\/a>\r\n\t\t\t\t<\/h2>\r\n\r\n\t\t\t\t\t\t\t\t<div class=\"psacp-post-meta psacp-post-meta-up\">\r\n\t\t\t\t\t<span class=\"psacp-post-meta-data psacp-post-date\"><i class=\"psacp-fa fa-regular fa-clock\"><\/i>22 Giugno 2021<\/span>\t\t\t\t<\/div>\r\n\t\t\t\t\t\t\t<\/div>\r\n\t\t<\/div>\r\n\t<\/div>\r\n<\/div><div class=\"psacp-post-slide psacp-post-865 psacp-post-standard psacp-has-thumb\">\r\n\t<div class=\"psacp-post-slider-content\">\r\n\t\t<a class=\"psacp-post-linkoverlay\" href=\"https:\/\/www.musicletter.it\/luca\/2021\/06\/21\/il-concerto-del-boss-allo-stadio-flaminio\/\"><\/a>\r\n\t\t<div class=\"psacp-post-img-bg\" style=\"background-image:url(https:\/\/www.musicletter.it\/luca\/wp-content\/uploads\/2021\/06\/bruce.jpg); \">\r\n\t\t\t<div class=\"psacp-featured-meta\">\r\n\t\t\t\t\t\t\t\r\n\t\t\t\t<h2 class=\"psacp-post-title\">\r\n\t\t\t\t\t<a href=\"https:\/\/www.musicletter.it\/luca\/2021\/06\/21\/il-concerto-del-boss-allo-stadio-flaminio\/\">Il concerto del boss allo Stadio Flaminio<\/a>\r\n\t\t\t\t<\/h2>\r\n\r\n\t\t\t\t\t\t\t\t<div class=\"psacp-post-meta psacp-post-meta-up\">\r\n\t\t\t\t\t<span class=\"psacp-post-meta-data psacp-post-date\"><i class=\"psacp-fa fa-regular fa-clock\"><\/i>21 Giugno 2021<\/span>\t\t\t\t<\/div>\r\n\t\t\t\t\t\t\t<\/div>\r\n\t\t<\/div>\r\n\t<\/div>\r\n<\/div><div class=\"psacp-post-slide psacp-post-861 psacp-post-standard psacp-has-thumb\">\r\n\t<div class=\"psacp-post-slider-content\">\r\n\t\t<a class=\"psacp-post-linkoverlay\" href=\"https:\/\/www.musicletter.it\/luca\/2021\/06\/15\/riccardo-rossi-mi-ha-parlato-della-sua-passione-per-la-musica-e-i-vinili\/\"><\/a>\r\n\t\t<div class=\"psacp-post-img-bg\" style=\"background-image:url(https:\/\/www.musicletter.it\/luca\/wp-content\/uploads\/2021\/06\/Riccardo-Rossi.jpg); \">\r\n\t\t\t<div class=\"psacp-featured-meta\">\r\n\t\t\t\t\t\t\t\r\n\t\t\t\t<h2 class=\"psacp-post-title\">\r\n\t\t\t\t\t<a href=\"https:\/\/www.musicletter.it\/luca\/2021\/06\/15\/riccardo-rossi-mi-ha-parlato-della-sua-passione-per-la-musica-e-i-vinili\/\">Riccardo Rossi mi ha parlato della sua passione per la musica e i vinili<\/a>\r\n\t\t\t\t<\/h2>\r\n\r\n\t\t\t\t\t\t\t\t<div class=\"psacp-post-meta psacp-post-meta-up\">\r\n\t\t\t\t\t<span class=\"psacp-post-meta-data psacp-post-date\"><i class=\"psacp-fa fa-regular fa-clock\"><\/i>15 Giugno 2021<\/span>\t\t\t\t<\/div>\r\n\t\t\t\t\t\t\t<\/div>\r\n\t\t<\/div>\r\n\t<\/div>\r\n<\/div><div class=\"psacp-post-slide psacp-post-857 psacp-post-standard psacp-has-thumb\">\r\n\t<div class=\"psacp-post-slider-content\">\r\n\t\t<a class=\"psacp-post-linkoverlay\" href=\"https:\/\/www.musicletter.it\/luca\/2021\/06\/15\/discorsi-sulla-musica-con-amerigo-verardi\/\"><\/a>\r\n\t\t<div class=\"psacp-post-img-bg\" style=\"background-image:url(https:\/\/www.musicletter.it\/luca\/wp-content\/uploads\/2021\/06\/Amerigo-Verardi.jpg); \">\r\n\t\t\t<div class=\"psacp-featured-meta\">\r\n\t\t\t\t\t\t\t\r\n\t\t\t\t<h2 class=\"psacp-post-title\">\r\n\t\t\t\t\t<a href=\"https:\/\/www.musicletter.it\/luca\/2021\/06\/15\/discorsi-sulla-musica-con-amerigo-verardi\/\">\u00abDiscorsi sulla musica\u00bb con Amerigo Verardi<\/a>\r\n\t\t\t\t<\/h2>\r\n\r\n\t\t\t\t\t\t\t\t<div class=\"psacp-post-meta psacp-post-meta-up\">\r\n\t\t\t\t\t<span class=\"psacp-post-meta-data psacp-post-date\"><i class=\"psacp-fa fa-regular fa-clock\"><\/i>15 Giugno 2021<\/span>\t\t\t\t<\/div>\r\n\t\t\t\t\t\t\t<\/div>\r\n\t\t<\/div>\r\n\t<\/div>\r\n<\/div><div class=\"psacp-post-slide psacp-post-837 psacp-post-standard psacp-has-thumb\">\r\n\t<div class=\"psacp-post-slider-content\">\r\n\t\t<a class=\"psacp-post-linkoverlay\" href=\"https:\/\/www.musicletter.it\/luca\/2021\/06\/08\/discorsi-sulla-musica-con-gianni-maroccolo\/\"><\/a>\r\n\t\t<div class=\"psacp-post-img-bg\" style=\"background-image:url(https:\/\/www.musicletter.it\/luca\/wp-content\/uploads\/2021\/06\/Gianni-Maroccolo-foto-di-Marco-Pacini.jpg); \">\r\n\t\t\t<div class=\"psacp-featured-meta\">\r\n\t\t\t\t\t\t\t\r\n\t\t\t\t<h2 class=\"psacp-post-title\">\r\n\t\t\t\t\t<a href=\"https:\/\/www.musicletter.it\/luca\/2021\/06\/08\/discorsi-sulla-musica-con-gianni-maroccolo\/\">\u00abDiscorsi sulla musica\u00bb con Gianni Maroccolo<\/a>\r\n\t\t\t\t<\/h2>\r\n\r\n\t\t\t\t\t\t\t\t<div class=\"psacp-post-meta psacp-post-meta-up\">\r\n\t\t\t\t\t<span class=\"psacp-post-meta-data psacp-post-date\"><i class=\"psacp-fa fa-regular fa-clock\"><\/i>8 Giugno 2021<\/span>\t\t\t\t<\/div>\r\n\t\t\t\t\t\t\t<\/div>\r\n\t\t<\/div>\r\n\t<\/div>\r\n<\/div><div class=\"psacp-post-slide psacp-post-833 psacp-post-standard psacp-has-thumb\">\r\n\t<div class=\"psacp-post-slider-content\">\r\n\t\t<a class=\"psacp-post-linkoverlay\" href=\"https:\/\/www.musicletter.it\/luca\/2021\/06\/06\/storie-sogni-e-musica-dei-ragazzi-arrivati-in-italia-dallafrica\/\"><\/a>\r\n\t\t<div class=\"psacp-post-img-bg\" style=\"background-image:url(https:\/\/www.musicletter.it\/luca\/wp-content\/uploads\/2020\/05\/musica-migante-blow-up.png); \">\r\n\t\t\t<div class=\"psacp-featured-meta\">\r\n\t\t\t\t\t\t\t\r\n\t\t\t\t<h2 class=\"psacp-post-title\">\r\n\t\t\t\t\t<a href=\"https:\/\/www.musicletter.it\/luca\/2021\/06\/06\/storie-sogni-e-musica-dei-ragazzi-arrivati-in-italia-dallafrica\/\">Storie, sogni e musica dei ragazzi arrivati in Italia dall&#8217;Africa<\/a>\r\n\t\t\t\t<\/h2>\r\n\r\n\t\t\t\t\t\t\t\t<div class=\"psacp-post-meta psacp-post-meta-up\">\r\n\t\t\t\t\t<span class=\"psacp-post-meta-data psacp-post-date\"><i class=\"psacp-fa fa-regular fa-clock\"><\/i>6 Giugno 2021<\/span>\t\t\t\t<\/div>\r\n\t\t\t\t\t\t\t<\/div>\r\n\t\t<\/div>\r\n\t<\/div>\r\n<\/div><div class=\"psacp-post-slide psacp-post-830 psacp-post-standard psacp-has-thumb\">\r\n\t<div class=\"psacp-post-slider-content\">\r\n\t\t<a class=\"psacp-post-linkoverlay\" href=\"https:\/\/www.musicletter.it\/luca\/2021\/06\/04\/la-mia-intervista-al-responsabile-artistico-del-club-tenco-sergio-secondiano-sacchi\/\"><\/a>\r\n\t\t<div class=\"psacp-post-img-bg\" style=\"background-image:url(https:\/\/www.musicletter.it\/luca\/wp-content\/uploads\/2021\/06\/staino-sacchi.jpg); \">\r\n\t\t\t<div class=\"psacp-featured-meta\">\r\n\t\t\t\t\t\t\t\r\n\t\t\t\t<h2 class=\"psacp-post-title\">\r\n\t\t\t\t\t<a href=\"https:\/\/www.musicletter.it\/luca\/2021\/06\/04\/la-mia-intervista-al-responsabile-artistico-del-club-tenco-sergio-secondiano-sacchi\/\">La mia intervista al responsabile artistico del Club Tenco, Sergio Secondiano Sacchi<\/a>\r\n\t\t\t\t<\/h2>\r\n\r\n\t\t\t\t\t\t\t\t<div class=\"psacp-post-meta psacp-post-meta-up\">\r\n\t\t\t\t\t<span class=\"psacp-post-meta-data psacp-post-date\"><i class=\"psacp-fa fa-regular fa-clock\"><\/i>4 Giugno 2021<\/span>\t\t\t\t<\/div>\r\n\t\t\t\t\t\t\t<\/div>\r\n\t\t<\/div>\r\n\t<\/div>\r\n<\/div><div class=\"psacp-post-slide psacp-post-826 psacp-post-standard psacp-has-thumb\">\r\n\t<div class=\"psacp-post-slider-content\">\r\n\t\t<a class=\"psacp-post-linkoverlay\" href=\"https:\/\/www.musicletter.it\/luca\/2021\/06\/04\/discorsi-sulla-musica-con-ivan-cattaneo\/\"><\/a>\r\n\t\t<div class=\"psacp-post-img-bg\" style=\"background-image:url(https:\/\/www.musicletter.it\/luca\/wp-content\/uploads\/2021\/06\/Ivan-Cattaneo.jpeg); \">\r\n\t\t\t<div class=\"psacp-featured-meta\">\r\n\t\t\t\t\t\t\t\r\n\t\t\t\t<h2 class=\"psacp-post-title\">\r\n\t\t\t\t\t<a href=\"https:\/\/www.musicletter.it\/luca\/2021\/06\/04\/discorsi-sulla-musica-con-ivan-cattaneo\/\">\u00abDiscorsi sulla musica\u00bb con Ivan Cattaneo<\/a>\r\n\t\t\t\t<\/h2>\r\n\r\n\t\t\t\t\t\t\t\t<div class=\"psacp-post-meta psacp-post-meta-up\">\r\n\t\t\t\t\t<span class=\"psacp-post-meta-data psacp-post-date\"><i class=\"psacp-fa fa-regular fa-clock\"><\/i>4 Giugno 2021<\/span>\t\t\t\t<\/div>\r\n\t\t\t\t\t\t\t<\/div>\r\n\t\t<\/div>\r\n\t<\/div>\r\n<\/div><div class=\"psacp-post-slide psacp-post-820 psacp-post-standard psacp-has-thumb\">\r\n\t<div class=\"psacp-post-slider-content\">\r\n\t\t<a class=\"psacp-post-linkoverlay\" href=\"https:\/\/www.musicletter.it\/luca\/2021\/05\/30\/discorsi-sulla-musica-con-mara-redeghieri\/\"><\/a>\r\n\t\t<div class=\"psacp-post-img-bg\" style=\"background-image:url(https:\/\/www.musicletter.it\/luca\/wp-content\/uploads\/2021\/05\/Mara-Redeghieri.png); \">\r\n\t\t\t<div class=\"psacp-featured-meta\">\r\n\t\t\t\t\t\t\t\r\n\t\t\t\t<h2 class=\"psacp-post-title\">\r\n\t\t\t\t\t<a href=\"https:\/\/www.musicletter.it\/luca\/2021\/05\/30\/discorsi-sulla-musica-con-mara-redeghieri\/\">\u00abDiscorsi sulla musica\u00bb con Mara Redeghieri<\/a>\r\n\t\t\t\t<\/h2>\r\n\r\n\t\t\t\t\t\t\t\t<div class=\"psacp-post-meta psacp-post-meta-up\">\r\n\t\t\t\t\t<span class=\"psacp-post-meta-data psacp-post-date\"><i class=\"psacp-fa fa-regular fa-clock\"><\/i>30 Maggio 2021<\/span>\t\t\t\t<\/div>\r\n\t\t\t\t\t\t\t<\/div>\r\n\t\t<\/div>\r\n\t<\/div>\r\n<\/div><div class=\"psacp-post-slide psacp-post-810 psacp-post-standard psacp-has-thumb\">\r\n\t<div class=\"psacp-post-slider-content\">\r\n\t\t<a class=\"psacp-post-linkoverlay\" href=\"https:\/\/www.musicletter.it\/luca\/2021\/05\/23\/discorsi-sulla-musica-con-umberto-maria-giardini-moltheni\/\"><\/a>\r\n\t\t<div class=\"psacp-post-img-bg\" style=\"background-image:url(https:\/\/www.musicletter.it\/luca\/wp-content\/uploads\/2021\/05\/Umberto-Maria-Giardini-1.jpg); \">\r\n\t\t\t<div class=\"psacp-featured-meta\">\r\n\t\t\t\t\t\t\t\r\n\t\t\t\t<h2 class=\"psacp-post-title\">\r\n\t\t\t\t\t<a href=\"https:\/\/www.musicletter.it\/luca\/2021\/05\/23\/discorsi-sulla-musica-con-umberto-maria-giardini-moltheni\/\">\u00abDiscorsi sulla musica\u00bb con Umberto Maria Giardini (Moltheni)<\/a>\r\n\t\t\t\t<\/h2>\r\n\r\n\t\t\t\t\t\t\t\t<div class=\"psacp-post-meta psacp-post-meta-up\">\r\n\t\t\t\t\t<span class=\"psacp-post-meta-data psacp-post-date\"><i class=\"psacp-fa fa-regular fa-clock\"><\/i>23 Maggio 2021<\/span>\t\t\t\t<\/div>\r\n\t\t\t\t\t\t\t<\/div>\r\n\t\t<\/div>\r\n\t<\/div>\r\n<\/div><div class=\"psacp-post-slide psacp-post-802 psacp-post-standard psacp-has-thumb\">\r\n\t<div class=\"psacp-post-slider-content\">\r\n\t\t<a class=\"psacp-post-linkoverlay\" href=\"https:\/\/www.musicletter.it\/luca\/2021\/05\/18\/battiato-artista-colto-ironico-curioso-e-mai-banale-grazie-maestro\/\"><\/a>\r\n\t\t<div class=\"psacp-post-img-bg\" style=\"background-image:url(https:\/\/www.musicletter.it\/luca\/wp-content\/uploads\/2021\/05\/promozione-1.png); \">\r\n\t\t\t<div class=\"psacp-featured-meta\">\r\n\t\t\t\t\t\t\t\r\n\t\t\t\t<h2 class=\"psacp-post-title\">\r\n\t\t\t\t\t<a href=\"https:\/\/www.musicletter.it\/luca\/2021\/05\/18\/battiato-artista-colto-ironico-curioso-e-mai-banale-grazie-maestro\/\">Battiato: artista colto, ironico, curioso e mai banale. Grazie, Maestro<\/a>\r\n\t\t\t\t<\/h2>\r\n\r\n\t\t\t\t\t\t\t\t<div class=\"psacp-post-meta psacp-post-meta-up\">\r\n\t\t\t\t\t<span class=\"psacp-post-meta-data psacp-post-date\"><i class=\"psacp-fa fa-regular fa-clock\"><\/i>18 Maggio 2021<\/span>\t\t\t\t<\/div>\r\n\t\t\t\t\t\t\t<\/div>\r\n\t\t<\/div>\r\n\t<\/div>\r\n<\/div><div class=\"psacp-post-slide psacp-post-796 psacp-post-standard psacp-has-thumb\">\r\n\t<div class=\"psacp-post-slider-content\">\r\n\t\t<a class=\"psacp-post-linkoverlay\" href=\"https:\/\/www.musicletter.it\/luca\/2021\/04\/24\/musica-migrante-approda-allistituto-italiano-di-cultura-di-new-york\/\"><\/a>\r\n\t\t<div class=\"psacp-post-img-bg\" style=\"background-image:url(https:\/\/www.musicletter.it\/luca\/wp-content\/uploads\/2021\/02\/ICC-New-York.png); \">\r\n\t\t\t<div class=\"psacp-featured-meta\">\r\n\t\t\t\t\t\t\t\r\n\t\t\t\t<h2 class=\"psacp-post-title\">\r\n\t\t\t\t\t<a href=\"https:\/\/www.musicletter.it\/luca\/2021\/04\/24\/musica-migrante-approda-allistituto-italiano-di-cultura-di-new-york\/\">\u00abMusica migrante\u00bb approda all&#8217;Istituto Italiano di Cultura di New York<\/a>\r\n\t\t\t\t<\/h2>\r\n\r\n\t\t\t\t\t\t\t\t<div class=\"psacp-post-meta psacp-post-meta-up\">\r\n\t\t\t\t\t<span class=\"psacp-post-meta-data psacp-post-date\"><i class=\"psacp-fa fa-regular fa-clock\"><\/i>24 Aprile 2021<\/span>\t\t\t\t<\/div>\r\n\t\t\t\t\t\t\t<\/div>\r\n\t\t<\/div>\r\n\t<\/div>\r\n<\/div><div class=\"psacp-post-slide psacp-post-792 psacp-post-standard psacp-has-thumb\">\r\n\t<div class=\"psacp-post-slider-content\">\r\n\t\t<a class=\"psacp-post-linkoverlay\" href=\"https:\/\/www.musicletter.it\/luca\/2021\/04\/16\/promises-di-floating-points-pharoah-sanders-the-london-symphony-orchestra\/\"><\/a>\r\n\t\t<div class=\"psacp-post-img-bg\" style=\"background-image:url(https:\/\/www.musicletter.it\/luca\/wp-content\/uploads\/2021\/04\/promises.jpg); \">\r\n\t\t\t<div class=\"psacp-featured-meta\">\r\n\t\t\t\t\t\t\t\r\n\t\t\t\t<h2 class=\"psacp-post-title\">\r\n\t\t\t\t\t<a href=\"https:\/\/www.musicletter.it\/luca\/2021\/04\/16\/promises-di-floating-points-pharoah-sanders-the-london-symphony-orchestra\/\">\u00abPromises\u00bb di Floating Points, Pharoah Sanders &#038; The London Symphony Orchestra<\/a>\r\n\t\t\t\t<\/h2>\r\n\r\n\t\t\t\t\t\t\t\t<div class=\"psacp-post-meta psacp-post-meta-up\">\r\n\t\t\t\t\t<span class=\"psacp-post-meta-data psacp-post-date\"><i class=\"psacp-fa fa-regular fa-clock\"><\/i>16 Aprile 2021<\/span>\t\t\t\t<\/div>\r\n\t\t\t\t\t\t\t<\/div>\r\n\t\t<\/div>\r\n\t<\/div>\r\n<\/div><div class=\"psacp-post-slide psacp-post-784 psacp-post-standard psacp-has-thumb\">\r\n\t<div class=\"psacp-post-slider-content\">\r\n\t\t<a class=\"psacp-post-linkoverlay\" href=\"https:\/\/www.musicletter.it\/luca\/2021\/04\/11\/chiappala-chiappala\/\"><\/a>\r\n\t\t<div class=\"psacp-post-img-bg\" style=\"background-image:url(https:\/\/www.musicletter.it\/luca\/wp-content\/uploads\/2021\/04\/flipper-anni-70.jpg); \">\r\n\t\t\t<div class=\"psacp-featured-meta\">\r\n\t\t\t\t\t\t\t\r\n\t\t\t\t<h2 class=\"psacp-post-title\">\r\n\t\t\t\t\t<a href=\"https:\/\/www.musicletter.it\/luca\/2021\/04\/11\/chiappala-chiappala\/\">Chiappala chiappala<\/a>\r\n\t\t\t\t<\/h2>\r\n\r\n\t\t\t\t\t\t\t\t<div class=\"psacp-post-meta psacp-post-meta-up\">\r\n\t\t\t\t\t<span class=\"psacp-post-meta-data psacp-post-date\"><i class=\"psacp-fa fa-regular fa-clock\"><\/i>11 Aprile 2021<\/span>\t\t\t\t<\/div>\r\n\t\t\t\t\t\t\t<\/div>\r\n\t\t<\/div>\r\n\t<\/div>\r\n<\/div>\t<\/div>\r\n<\/div>\n\n\n\n<p><\/p>\n","protected":false},"excerpt":{"rendered":"<p>Luca D\u2019Ambrosio (Sora, 1970) \u00e8 un blogger appassionato di musica, fondatore e responsabile di Musicletter.it nonch\u00e9 autore di libri. &#8220;L&#8217;amore per un disco \u00e8 un sentimento reale&#8221; \u00e8 il suo motto. <\/p>\n","protected":false},"author":1,"featured_media":1137,"parent":0,"menu_order":0,"comment_status":"closed","ping_status":"closed","template":"tw-no-title.php","meta":{"footnotes":""},"class_list":["post-951","page","type-page","status-publish","has-post-thumbnail","hentry"],"yoast_head":"<!-- This site is optimized with the Yoast SEO plugin v27.4 - https:\/\/yoast.com\/product\/yoast-seo-wordpress\/ -->\r\n<title>Il blog di Luca D&#039;Ambrosio (Musicletter.it) \u22c6 L&#039;amore per un disco \u00e8 un sentimento reale<\/title>\r\n<meta name=\"description\" content=\"Luca D\u2019Ambrosio (Sora, 1970) \u00e8 un blogger appassionato di musica, fondatore e responsabile di Musicletter.it nonch\u00e9 autore di libri.\" \/>\r\n<meta name=\"robots\" content=\"index, follow, max-snippet:-1, max-image-preview:large, max-video-preview:-1\" \/>\r\n<link rel=\"canonical\" href=\"https:\/\/www.musicletter.it\/luca\/\" \/>\r\n<meta property=\"og:locale\" content=\"it_IT\" \/>\r\n<meta property=\"og:type\" content=\"article\" \/>\r\n<meta property=\"og:title\" content=\"Il blog di Luca D&#039;Ambrosio (Musicletter.it) \u22c6 L&#039;amore per un disco \u00e8 un sentimento reale\" \/>\r\n<meta property=\"og:description\" content=\"Luca D\u2019Ambrosio (Sora, 1970) \u00e8 un blogger appassionato di musica, fondatore e responsabile di Musicletter.it nonch\u00e9 autore di libri.\" \/>\r\n<meta property=\"og:url\" content=\"https:\/\/www.musicletter.it\/luca\/\" \/>\r\n<meta property=\"og:site_name\" content=\"Il blog di Luca D&#039;Ambrosio\" \/>\r\n<meta property=\"article:publisher\" content=\"https:\/\/www.facebook.com\/luca.dambrosio\" \/>\r\n<meta property=\"og:image\" content=\"https:\/\/www.musicletter.it\/luca\/wp-content\/uploads\/2022\/06\/cropped-unnamed-side-2.png\" \/>\r\n\t<meta property=\"og:image:width\" content=\"1980\" \/>\r\n\t<meta property=\"og:image:height\" content=\"404\" \/>\r\n\t<meta property=\"og:image:type\" content=\"image\/png\" \/>\r\n<meta name=\"twitter:card\" content=\"summary_large_image\" \/>\r\n<meta name=\"twitter:site\" content=\"@lucadambrosio\" \/>\r\n<meta name=\"twitter:label1\" content=\"Tempo di lettura stimato\" \/>\n\t<meta name=\"twitter:data1\" content=\"1 minuto\" \/>\r\n<script type=\"application\/ld+json\" class=\"yoast-schema-graph\">{\"@context\":\"https:\\\/\\\/schema.org\",\"@graph\":[{\"@type\":\"WebPage\",\"@id\":\"https:\\\/\\\/www.musicletter.it\\\/luca\\\/\",\"url\":\"https:\\\/\\\/www.musicletter.it\\\/luca\\\/\",\"name\":\"Il blog di Luca D&#039;Ambrosio (Musicletter.it) \u22c6 L'amore per un disco \u00e8 un sentimento reale\",\"isPartOf\":{\"@id\":\"https:\\\/\\\/www.musicletter.it\\\/luca\\\/#website\"},\"primaryImageOfPage\":{\"@id\":\"https:\\\/\\\/www.musicletter.it\\\/luca\\\/#primaryimage\"},\"image\":{\"@id\":\"https:\\\/\\\/www.musicletter.it\\\/luca\\\/#primaryimage\"},\"thumbnailUrl\":\"https:\\\/\\\/www.musicletter.it\\\/luca\\\/wp-content\\\/uploads\\\/2022\\\/06\\\/cropped-unnamed-side-2.png\",\"datePublished\":\"2026-04-29T16:33:13+00:00\",\"description\":\"Luca D\u2019Ambrosio (Sora, 1970) \u00e8 un blogger appassionato di musica, fondatore e responsabile di Musicletter.it nonch\u00e9 autore di libri.\",\"breadcrumb\":{\"@id\":\"https:\\\/\\\/www.musicletter.it\\\/luca\\\/#breadcrumb\"},\"inLanguage\":\"it-IT\",\"potentialAction\":[{\"@type\":\"ReadAction\",\"target\":[\"https:\\\/\\\/www.musicletter.it\\\/luca\\\/\"]}]},{\"@type\":\"ImageObject\",\"inLanguage\":\"it-IT\",\"@id\":\"https:\\\/\\\/www.musicletter.it\\\/luca\\\/#primaryimage\",\"url\":\"https:\\\/\\\/www.musicletter.it\\\/luca\\\/wp-content\\\/uploads\\\/2022\\\/06\\\/cropped-unnamed-side-2.png\",\"contentUrl\":\"https:\\\/\\\/www.musicletter.it\\\/luca\\\/wp-content\\\/uploads\\\/2022\\\/06\\\/cropped-unnamed-side-2.png\",\"width\":1980,\"height\":404,\"caption\":\"Luca D'Ambrosio\"},{\"@type\":\"BreadcrumbList\",\"@id\":\"https:\\\/\\\/www.musicletter.it\\\/luca\\\/#breadcrumb\",\"itemListElement\":[{\"@type\":\"ListItem\",\"position\":1,\"name\":\"Home\",\"item\":\"https:\\\/\\\/www.musicletter.it\\\/luca\\\/\"},{\"@type\":\"ListItem\",\"position\":2,\"name\":\"Il blog di Luca D&#8217;Ambrosio (Musicletter.it)\"}]},{\"@type\":\"WebSite\",\"@id\":\"https:\\\/\\\/www.musicletter.it\\\/luca\\\/#website\",\"url\":\"https:\\\/\\\/www.musicletter.it\\\/luca\\\/\",\"name\":\"Il blog di Luca D'Ambrosio (L'amore per un disco \u00e8 un sentimento reale)\",\"description\":\"L&#039;amore per un disco \u00e8 un sentimento reale\",\"publisher\":{\"@id\":\"https:\\\/\\\/www.musicletter.it\\\/luca\\\/#\\\/schema\\\/person\\\/08de73e3eb2c4dc14f20c44f89e021ac\"},\"potentialAction\":[{\"@type\":\"SearchAction\",\"target\":{\"@type\":\"EntryPoint\",\"urlTemplate\":\"https:\\\/\\\/www.musicletter.it\\\/luca\\\/?s={search_term_string}\"},\"query-input\":{\"@type\":\"PropertyValueSpecification\",\"valueRequired\":true,\"valueName\":\"search_term_string\"}}],\"inLanguage\":\"it-IT\"},{\"@type\":[\"Person\",\"Organization\"],\"@id\":\"https:\\\/\\\/www.musicletter.it\\\/luca\\\/#\\\/schema\\\/person\\\/08de73e3eb2c4dc14f20c44f89e021ac\",\"name\":\"Luca D'Ambrosio\",\"image\":{\"@type\":\"ImageObject\",\"inLanguage\":\"it-IT\",\"@id\":\"https:\\\/\\\/www.musicletter.it\\\/luca\\\/wp-content\\\/uploads\\\/2020\\\/04\\\/unnamed-side.png\",\"url\":\"https:\\\/\\\/www.musicletter.it\\\/luca\\\/wp-content\\\/uploads\\\/2020\\\/04\\\/unnamed-side.png\",\"contentUrl\":\"https:\\\/\\\/www.musicletter.it\\\/luca\\\/wp-content\\\/uploads\\\/2020\\\/04\\\/unnamed-side.png\",\"width\":2453,\"height\":500,\"caption\":\"Luca D'Ambrosio\"},\"logo\":{\"@id\":\"https:\\\/\\\/www.musicletter.it\\\/luca\\\/wp-content\\\/uploads\\\/2020\\\/04\\\/unnamed-side.png\"},\"description\":\"Luca D'Ambrosio (Sora, 1970) \u00e8 un blogger appassionato di musica. Fondatore e responsabile del sito di informazione musicale e culturale Musicletter.it, in passato ha scritto per riviste e magazine online e ha contribuito a diverse pubblicazioni editoriali. \u00c8 stato consulente musicale di due programmi radiofonici della Rappresentanza in Italia della Commissione europea nonch\u00e9 ideatore del Premio nazionale per il giornalismo musicale sul web. Collaboratore di lunga data del MEI, il Meeting delle Etichette Indipendenti, dal 2012 fa parte della giuria delle Targhe Tenco. Per Arcana Edizioni ha scritto tre libri: \\\"La musica, per me\\\" (2018), \\\"Musica migrante\\\" (2019) e \\\"Musica per cani\\\" (2020). Inoltre ha conseguito dei riconoscimenti nell'ambito del Festival di Internazionale a Ferrara e del Festival Nazionale dei Conservatori a Frosinone. \\\"Voci Chiassose\\\" (1996) \u00e8 la sua prima pubblicazione autoprodotta, ristampata, sempre autonomamente, nel 2021. A febbraio 2023 entra a fa parte dei 150 membri della giuria della sala stampa, radio, tv e web del 73\u00b0 Festival di Sanremo.\",\"sameAs\":[\"https:\\\/\\\/www.musicletter.it\\\/luca\",\"https:\\\/\\\/www.facebook.com\\\/luca.dambrosio\",\"https:\\\/\\\/www.instagram\\\/lucadambrosio70\",\"https:\\\/\\\/www.linkedin.com\\\/in\\\/dambrosioluca\\\/\",\"https:\\\/\\\/x.com\\\/lucadambrosio\"]}]}<\/script>\r\n<!-- \/ Yoast SEO plugin. -->","yoast_head_json":{"title":"Il blog di Luca D&#039;Ambrosio (Musicletter.it) \u22c6 L'amore per un disco \u00e8 un sentimento reale","description":"Luca D\u2019Ambrosio (Sora, 1970) \u00e8 un blogger appassionato di musica, fondatore e responsabile di Musicletter.it nonch\u00e9 autore di libri.","robots":{"index":"index","follow":"follow","max-snippet":"max-snippet:-1","max-image-preview":"max-image-preview:large","max-video-preview":"max-video-preview:-1"},"canonical":"https:\/\/www.musicletter.it\/luca\/","og_locale":"it_IT","og_type":"article","og_title":"Il blog di Luca D&#039;Ambrosio (Musicletter.it) \u22c6 L'amore per un disco \u00e8 un sentimento reale","og_description":"Luca D\u2019Ambrosio (Sora, 1970) \u00e8 un blogger appassionato di musica, fondatore e responsabile di Musicletter.it nonch\u00e9 autore di libri.","og_url":"https:\/\/www.musicletter.it\/luca\/","og_site_name":"Il blog di Luca D&#039;Ambrosio","article_publisher":"https:\/\/www.facebook.com\/luca.dambrosio","og_image":[{"width":1980,"height":404,"url":"https:\/\/www.musicletter.it\/luca\/wp-content\/uploads\/2022\/06\/cropped-unnamed-side-2.png","type":"image\/png"}],"twitter_card":"summary_large_image","twitter_site":"@lucadambrosio","twitter_misc":{"Tempo di lettura stimato":"1 minuto"},"schema":{"@context":"https:\/\/schema.org","@graph":[{"@type":"WebPage","@id":"https:\/\/www.musicletter.it\/luca\/","url":"https:\/\/www.musicletter.it\/luca\/","name":"Il blog di Luca D&#039;Ambrosio (Musicletter.it) \u22c6 L'amore per un disco \u00e8 un sentimento reale","isPartOf":{"@id":"https:\/\/www.musicletter.it\/luca\/#website"},"primaryImageOfPage":{"@id":"https:\/\/www.musicletter.it\/luca\/#primaryimage"},"image":{"@id":"https:\/\/www.musicletter.it\/luca\/#primaryimage"},"thumbnailUrl":"https:\/\/www.musicletter.it\/luca\/wp-content\/uploads\/2022\/06\/cropped-unnamed-side-2.png","datePublished":"2026-04-29T16:33:13+00:00","description":"Luca D\u2019Ambrosio (Sora, 1970) \u00e8 un blogger appassionato di musica, fondatore e responsabile di Musicletter.it nonch\u00e9 autore di libri.","breadcrumb":{"@id":"https:\/\/www.musicletter.it\/luca\/#breadcrumb"},"inLanguage":"it-IT","potentialAction":[{"@type":"ReadAction","target":["https:\/\/www.musicletter.it\/luca\/"]}]},{"@type":"ImageObject","inLanguage":"it-IT","@id":"https:\/\/www.musicletter.it\/luca\/#primaryimage","url":"https:\/\/www.musicletter.it\/luca\/wp-content\/uploads\/2022\/06\/cropped-unnamed-side-2.png","contentUrl":"https:\/\/www.musicletter.it\/luca\/wp-content\/uploads\/2022\/06\/cropped-unnamed-side-2.png","width":1980,"height":404,"caption":"Luca D'Ambrosio"},{"@type":"BreadcrumbList","@id":"https:\/\/www.musicletter.it\/luca\/#breadcrumb","itemListElement":[{"@type":"ListItem","position":1,"name":"Home","item":"https:\/\/www.musicletter.it\/luca\/"},{"@type":"ListItem","position":2,"name":"Il blog di Luca D&#8217;Ambrosio (Musicletter.it)"}]},{"@type":"WebSite","@id":"https:\/\/www.musicletter.it\/luca\/#website","url":"https:\/\/www.musicletter.it\/luca\/","name":"Il blog di Luca D'Ambrosio (L'amore per un disco \u00e8 un sentimento reale)","description":"L&#039;amore per un disco \u00e8 un sentimento reale","publisher":{"@id":"https:\/\/www.musicletter.it\/luca\/#\/schema\/person\/08de73e3eb2c4dc14f20c44f89e021ac"},"potentialAction":[{"@type":"SearchAction","target":{"@type":"EntryPoint","urlTemplate":"https:\/\/www.musicletter.it\/luca\/?s={search_term_string}"},"query-input":{"@type":"PropertyValueSpecification","valueRequired":true,"valueName":"search_term_string"}}],"inLanguage":"it-IT"},{"@type":["Person","Organization"],"@id":"https:\/\/www.musicletter.it\/luca\/#\/schema\/person\/08de73e3eb2c4dc14f20c44f89e021ac","name":"Luca D'Ambrosio","image":{"@type":"ImageObject","inLanguage":"it-IT","@id":"https:\/\/www.musicletter.it\/luca\/wp-content\/uploads\/2020\/04\/unnamed-side.png","url":"https:\/\/www.musicletter.it\/luca\/wp-content\/uploads\/2020\/04\/unnamed-side.png","contentUrl":"https:\/\/www.musicletter.it\/luca\/wp-content\/uploads\/2020\/04\/unnamed-side.png","width":2453,"height":500,"caption":"Luca D'Ambrosio"},"logo":{"@id":"https:\/\/www.musicletter.it\/luca\/wp-content\/uploads\/2020\/04\/unnamed-side.png"},"description":"Luca D'Ambrosio (Sora, 1970) \u00e8 un blogger appassionato di musica. Fondatore e responsabile del sito di informazione musicale e culturale Musicletter.it, in passato ha scritto per riviste e magazine online e ha contribuito a diverse pubblicazioni editoriali. \u00c8 stato consulente musicale di due programmi radiofonici della Rappresentanza in Italia della Commissione europea nonch\u00e9 ideatore del Premio nazionale per il giornalismo musicale sul web. Collaboratore di lunga data del MEI, il Meeting delle Etichette Indipendenti, dal 2012 fa parte della giuria delle Targhe Tenco. Per Arcana Edizioni ha scritto tre libri: \"La musica, per me\" (2018), \"Musica migrante\" (2019) e \"Musica per cani\" (2020). Inoltre ha conseguito dei riconoscimenti nell'ambito del Festival di Internazionale a Ferrara e del Festival Nazionale dei Conservatori a Frosinone. \"Voci Chiassose\" (1996) \u00e8 la sua prima pubblicazione autoprodotta, ristampata, sempre autonomamente, nel 2021. A febbraio 2023 entra a fa parte dei 150 membri della giuria della sala stampa, radio, tv e web del 73\u00b0 Festival di Sanremo.","sameAs":["https:\/\/www.musicletter.it\/luca","https:\/\/www.facebook.com\/luca.dambrosio","https:\/\/www.instagram\/lucadambrosio70","https:\/\/www.linkedin.com\/in\/dambrosioluca\/","https:\/\/x.com\/lucadambrosio"]}]}},"_links":{"self":[{"href":"https:\/\/www.musicletter.it\/luca\/wp-json\/wp\/v2\/pages\/951","targetHints":{"allow":["GET"]}}],"collection":[{"href":"https:\/\/www.musicletter.it\/luca\/wp-json\/wp\/v2\/pages"}],"about":[{"href":"https:\/\/www.musicletter.it\/luca\/wp-json\/wp\/v2\/types\/page"}],"author":[{"embeddable":true,"href":"https:\/\/www.musicletter.it\/luca\/wp-json\/wp\/v2\/users\/1"}],"replies":[{"embeddable":true,"href":"https:\/\/www.musicletter.it\/luca\/wp-json\/wp\/v2\/comments?post=951"}],"version-history":[{"count":7,"href":"https:\/\/www.musicletter.it\/luca\/wp-json\/wp\/v2\/pages\/951\/revisions"}],"predecessor-version":[{"id":1373,"href":"https:\/\/www.musicletter.it\/luca\/wp-json\/wp\/v2\/pages\/951\/revisions\/1373"}],"wp:featuredmedia":[{"embeddable":true,"href":"https:\/\/www.musicletter.it\/luca\/wp-json\/wp\/v2\/media\/1137"}],"wp:attachment":[{"href":"https:\/\/www.musicletter.it\/luca\/wp-json\/wp\/v2\/media?parent=951"}],"curies":[{"name":"wp","href":"https:\/\/api.w.org\/{rel}","templated":true}]}}